{"id":36792,"date":"2022-12-18T17:39:56","date_gmt":"2022-12-18T16:39:56","guid":{"rendered":"https:\/\/www.cesarecatania.eu\/portfolio\/fonte-milano-today-2\/"},"modified":"2022-12-20T10:38:33","modified_gmt":"2022-12-20T09:38:33","slug":"fonte-milano-today-2","status":"publish","type":"portfolio","link":"https:\/\/www.cesarecatania.eu\/fr\/portfolio\/fonte-milano-today-2\/","title":{"rendered":"Source: Milano Today"},"content":{"rendered":"\t\t<div data-elementor-type=\"wp-post\" data-elementor-id=\"36792\" class=\"elementor elementor-36792 elementor-36757\" data-elementor-settings=\"{&quot;element_pack_global_tooltip_width&quot;:{&quot;unit&quot;:&quot;px&quot;,&quot;size&quot;:&quot;&quot;,&quot;sizes&quot;:[]},&quot;element_pack_global_tooltip_width_tablet&quot;:{&quot;unit&quot;:&quot;px&quot;,&quot;size&quot;:&quot;&quot;,&quot;sizes&quot;:[]},&quot;element_pack_global_tooltip_width_mobile&quot;:{&quot;unit&quot;:&quot;px&quot;,&quot;size&quot;:&quot;&quot;,&quot;sizes&quot;:[]},&quot;element_pack_global_tooltip_padding&quot;:{&quot;unit&quot;:&quot;px&quot;,&quot;top&quot;:&quot;&quot;,&quot;right&quot;:&quot;&quot;,&quot;bottom&quot;:&quot;&quot;,&quot;left&quot;:&quot;&quot;,&quot;isLinked&quot;:true},&quot;element_pack_global_tooltip_padding_tablet&quot;:{&quot;unit&quot;:&quot;px&quot;,&quot;top&quot;:&quot;&quot;,&quot;right&quot;:&quot;&quot;,&quot;bottom&quot;:&quot;&quot;,&quot;left&quot;:&quot;&quot;,&quot;isLinked&quot;:true},&quot;element_pack_global_tooltip_padding_mobile&quot;:{&quot;unit&quot;:&quot;px&quot;,&quot;top&quot;:&quot;&quot;,&quot;right&quot;:&quot;&quot;,&quot;bottom&quot;:&quot;&quot;,&quot;left&quot;:&quot;&quot;,&quot;isLinked&quot;:true},&quot;element_pack_global_tooltip_border_radius&quot;:{&quot;unit&quot;:&quot;px&quot;,&quot;top&quot;:&quot;&quot;,&quot;right&quot;:&quot;&quot;,&quot;bottom&quot;:&quot;&quot;,&quot;left&quot;:&quot;&quot;,&quot;isLinked&quot;:true},&quot;element_pack_global_tooltip_border_radius_tablet&quot;:{&quot;unit&quot;:&quot;px&quot;,&quot;top&quot;:&quot;&quot;,&quot;right&quot;:&quot;&quot;,&quot;bottom&quot;:&quot;&quot;,&quot;left&quot;:&quot;&quot;,&quot;isLinked&quot;:true},&quot;element_pack_global_tooltip_border_radius_mobile&quot;:{&quot;unit&quot;:&quot;px&quot;,&quot;top&quot;:&quot;&quot;,&quot;right&quot;:&quot;&quot;,&quot;bottom&quot;:&quot;&quot;,&quot;left&quot;:&quot;&quot;,&quot;isLinked&quot;:true}}\" data-elementor-post-type=\"portfolio\">\n\t\t\t\t\t\t<section class=\"has_eae_slider elementor-section elementor-top-section elementor-element elementor-element-7bc9792a elementor-section-content-middle elementor-section-full_width elementor-section-height-default elementor-section-height-default\" data-eae-slider=\"19167\" data-id=\"7bc9792a\" data-element_type=\"section\">\n\t\t\t\t\t\t<div class=\"elementor-container elementor-column-gap-no\">\n\t\t\t\t\t<div class=\"has_eae_slider elementor-column elementor-col-100 elementor-top-column elementor-element elementor-element-3c072adb\" data-eae-slider=\"98041\" data-id=\"3c072adb\" data-element_type=\"column\">\n\t\t\t<div class=\"elementor-widget-wrap elementor-element-populated\">\n\t\t\t\t\t\t<div class=\"elementor-element elementor-element-70e0fb3 elementor-widget elementor-widget-heading\" data-id=\"70e0fb3\" data-element_type=\"widget\" data-widget_type=\"heading.default\">\n\t\t\t\t<div class=\"elementor-widget-container\">\n\t\t\t\t\t<h3 class=\"elementor-heading-title elementor-size-default\">Pays\u00a0: ITALIE<br><br>\nSource:  Milano Today<\/h3>\t\t\t\t<\/div>\n\t\t\t\t<\/div>\n\t\t\t\t<div class=\"elementor-element elementor-element-bde188b elementor-widget elementor-widget-spacer\" data-id=\"bde188b\" data-element_type=\"widget\" data-widget_type=\"spacer.default\">\n\t\t\t\t<div class=\"elementor-widget-container\">\n\t\t\t\t\t\t\t<div class=\"elementor-spacer\">\n\t\t\t<div class=\"elementor-spacer-inner\"><\/div>\n\t\t<\/div>\n\t\t\t\t\t\t<\/div>\n\t\t\t\t<\/div>\n\t\t\t\t<div class=\"elementor-element elementor-element-6270ba70 elementor-widget elementor-widget-text-editor\" data-id=\"6270ba70\" data-element_type=\"widget\" data-widget_type=\"text-editor.default\">\n\t\t\t\t<div class=\"elementor-widget-container\">\n\t\t\t\t\t\t\t\t\t<h4>extrait de l&#8217;article officiel\u00a0:<\/h4>\n<h3>L&#8217;art contemporain de Cesare Catania va au-del\u00e0 de la peinture et se transforme en un message social<\/h3>\nMilan &#8211; La premi\u00e8re \u00e9tape du projet intitul\u00e9 &#8220;L&#8217;Abbraccio&#8221; vient de s&#8217;achever, un projet d&#8217;origine socioculturelle qui tire son origine de l&#8217;\u0153uvre homonyme et c\u00e9l\u00e8bre cr\u00e9\u00e9e par Cesare Catania. Un projet inclusif qui embrassera diverses villes gr\u00e2ce \u00e0 des collaborations vertueuses avec des institutions locales, aujourd&#8217;hui plus que jamais au c\u0153ur des enjeux touchant les segments les plus fragiles de l&#8217;apr\u00e8s-pand\u00e9mie qui sont et repr\u00e9sentent \u00e0 la fois notre espoir pour l&#8217;avenir. Un projet artistique qui a commenc\u00e9 son voyage depuis la ligne d&#8217;horizon au 31e \u00e9tage du Palazzo Pirelli, l&#8217;un des lieux embl\u00e9matiques d&#8217;une ville et d&#8217;un pays italiens pourtant tourn\u00e9s vers l&#8217;avenir\n&#8220;Apr\u00e8s une si longue p\u00e9riode pendant laquelle la crise sanitaire nous a habitu\u00e9s \u00e0 la distanciation sociale, le moment est venu de s&#8217;embrasser&#8221; explique ainsi l&#8217;artiste. \u00ab Avec ce projet et avec la pr\u00e9sentation de cette tapisserie, mon espoir est de r\u00e9veiller chez chacun le d\u00e9sir naturel de s&#8217;embrasser \u00e0 nouveau. D&#8217;une mani\u00e8re simple&#8230; sans plus avoir peur&#8230; en donnant ce qui nous a \u00e9t\u00e9 enlev\u00e9&#8230; notre capacit\u00e9 \u00e0 d\u00e9montrer notre amour, notre sentiment. Notre bien simple aux personnes les plus proches de nous. C&#8217;est pourquoi le projet s&#8217;adressait avant tout aux enfants, notre pure \u00e9nergie, notre \u00eatre primordial sans conditionnement. Avec eux, nous avons rendu l&#8217;\u0153uvre vivante parmi nous, coloriant, jouant, riant ; chaque enfant a re\u00e7u une copie du c\u00e2lin en noir et blanc et avec son imagination et sa cr\u00e9ativit\u00e9, il a pu cr\u00e9er une mini-\u0153uvre unique et devenir un merveilleux petit artiste avec les autres. poursuit Cesare Catania, l&#8217;artiste qui a cr\u00e9\u00e9 une journ\u00e9e m\u00e9morable dans la semaine m\u00eame o\u00f9 est comm\u00e9mor\u00e9 le 54e anniversaire de la journ\u00e9e mondiale consacr\u00e9e aux enfants et \u00e0 l&#8217;enfance (Journ\u00e9e mondiale de l&#8217;enfance).\nAu cours de la matin\u00e9e du jeudi 17 novembre, une trentaine d&#8217;\u00e9l\u00e8ves du primaire ont rejoint le projet anim\u00e9 par le Conseil r\u00e9gional de Lombardie en coloriant une version en noir et blanc du tableau de l&#8217;\u00e9treinte, une huile sur toile tapisserie cr\u00e9\u00e9e en 2016 par Cesare Catane qui repr\u00e9sente en au sens strict l&#8217;\u00e9treinte entre un homme et une femme et au sens large l&#8217;\u00e9treinte entre deux personnes de couleurs diff\u00e9rentes. La peinture \u00e0 l&#8217;huile sur toile a d\u00e9j\u00e0 \u00e9t\u00e9 expos\u00e9e entre autres en 2019 au Mus\u00e9e de la Villa Reale \u00e0 Monza et en 2016 \u00e0 l&#8217;Institut Suisse de Lugano lors de la semaine internationale de la langue italienne. Les \u0153uvres colori\u00e9es par les enfants au cours de la matin\u00e9e du jeudi ont \u00e9t\u00e9 r\u00e9unies en une seule \u0153uvre d&#8217;art collective cosign\u00e9e par tous les enfants et par l&#8217;artiste lui-m\u00eame, une \u0153uvre intitul\u00e9e \u00ab L&#8217;\u00e9treinte des enfants \u00bb.\n\nLe pr\u00e9sident du conseil r\u00e9gional de Lombardie, Alessandro Fermi, a \u00e9galement salu\u00e9 les &#8220;petits artistes&#8221; au cours de la matin\u00e9e cr\u00e9ative, qui a remerci\u00e9 \u00e0 la fois l&#8217;artiste Cesare Catania pour avoir apport\u00e9 un projet aussi important \u00e0 la communaut\u00e9 et l&#8217;association San Babila pour avoir soutenu l&#8217;artiste lui-m\u00eame. La Fondation Akbaraly, une fondation malgache qui lutte depuis des ann\u00e9es contre l&#8217;extr\u00eame pauvret\u00e9 et les in\u00e9galit\u00e9s, a \u00e9galement salu\u00e9 les enfants impliqu\u00e9s et le projet.\n\u00ab Je suis vraiment satisfait de la mani\u00e8re dont les institutions et le public, jeunes et moins jeunes, ont apport\u00e9 leur participation et leur soutien. La confirmation que le moment est bien venu de se retrouver en partageant la beaut\u00e9 de la vie que l&#8217;Art a toujours eu l&#8217;honneur et le devoir de repr\u00e9senter. Quand nous sommes tous ensemble, les beaux projets prennent des couleurs et des valeurs plus vari\u00e9es, de nouveaux espaces se trouvent dans la diversit\u00e9, des horizons d&#8217;avenir encore \u00e0 d\u00e9couvrir dans les fusions et les partenariats. Un merci sp\u00e9cial \u00e0 toutes les personnes qui ont cru en moi, qui m&#8217;ont soutenu qui ont contribu\u00e9 \u00e0 la r\u00e9ussite de cette avant-premi\u00e8re du projet L&#8217;Abbraccio, \u00e0 tous ceux qui ont assist\u00e9 \u00e0 l&#8217;\u00e9v\u00e9nement ou qui en tout cas ont particip\u00e9 avec joie m\u00eame de loin et avec intensit\u00e9 \u00bb poursuit l&#8217;Artiste.\n\nLa journ\u00e9e du jeudi 17 novembre s&#8217;est poursuivie par &#8220;un c\u00e2lin aussi pour les adultes&#8221;. Dans l&#8217;apr\u00e8s-midi, \u00e0 17 heures, l&#8217;exposition a ouvert les portes de la ligne d&#8217;horizon du 31e \u00e9tage du Palazzo Pirelli \u00e0 des amis, des collectionneurs, la presse et des invit\u00e9s s\u00e9lectionn\u00e9s pour expliquer le projet en d\u00e9tail et admirer en direct l&#8217;exposition d&#8217;art contemporain de Cesare Catania, mise en sc\u00e8ne pour l&#8217;occasion dans la m\u00eame Sala Belvedere Enzo Jannacci, une exposition qui a pr\u00e9sent\u00e9 une trentaine d&#8217;\u0153uvres d&#8217;art mat\u00e9riel dont des peintures et des sculptures cr\u00e9\u00e9es entre 2017 et 2022 par le ma\u00eetre Cesare Catania, en plus de la tapisserie d\u00e9j\u00e0 mentionn\u00e9e intitul\u00e9e &#8220;L&#8217;Abbraccio &#8220;.\t\t\t\t\t\t\t\t<\/div>\n\t\t\t\t<\/div>\n\t\t\t\t<div class=\"elementor-element elementor-element-d6f821c elementor-widget elementor-widget-text-editor\" data-id=\"d6f821c\" data-element_type=\"widget\" data-widget_type=\"text-editor.default\">\n\t\t\t\t<div class=\"elementor-widget-container\">\n\t\t\t\t\t\t\t\t\t<p><strong>Source officielle\u00a0:<\/strong><\/p><p><br \/><a href=\"www.milanotoday.it\/eventi\/artista-cesare-catania-2022.html\" rel=\"nofollow\">https:\/\/www.milanotoday.it\/eventi\/artista-cesare-catania-2022.html\/<\/a><\/p>\t\t\t\t\t\t\t\t<\/div>\n\t\t\t\t<\/div>\n\t\t\t\t<div class=\"elementor-element elementor-element-5cce4f8 gallery-spacing-custom elementor-invisible elementor-widget elementor-widget-image-gallery\" data-id=\"5cce4f8\" data-element_type=\"widget\" data-settings=\"{&quot;_animation&quot;:&quot;fadeInRight&quot;}\" data-widget_type=\"image-gallery.default\">\n\t\t\t\t<div class=\"elementor-widget-container\">\n\t\t\t\t\t\t\t<div class=\"elementor-image-gallery\">\n\t\t\t<div id='gallery-1' class='gallery galleryid-36792 gallery-columns-3 gallery-size-medium_large'><figure class='gallery-item'>\n\t\t\t<div class='gallery-icon portrait'>\n\t\t\t\t<a data-elementor-open-lightbox=\"yes\" data-elementor-lightbox-slideshow=\"5cce4f8\" data-elementor-lightbox-title=\"politicamentecorretto (4)\" data-e-action-hash=\"#elementor-action%3Aaction%3Dlightbox%26settings%3DeyJpZCI6MzY3MTAsInVybCI6Imh0dHBzOlwvXC93d3cuY2VzYXJlY2F0YW5pYS5ldVwvd3AtY29udGVudFwvdXBsb2Fkc1wvMjAyMlwvMTJcL3BvbGl0aWNhbWVudGVjb3JyZXR0by00LmpwZyIsInNsaWRlc2hvdyI6IjVjY2U0ZjgifQ%3D%3D\" href='https:\/\/www.cesarecatania.eu\/wp-content\/uploads\/2022\/12\/politicamentecorretto-4.jpg'><img fetchpriority=\"high\" decoding=\"async\" width=\"768\" height=\"1399\" src=\"https:\/\/www.cesarecatania.eu\/wp-content\/uploads\/2022\/12\/politicamentecorretto-4-768x1399.jpg\" class=\"attachment-medium_large size-medium_large\" alt=\"\" srcset=\"https:\/\/www.cesarecatania.eu\/wp-content\/uploads\/2022\/12\/politicamentecorretto-4-768x1399.jpg 768w, https:\/\/www.cesarecatania.eu\/wp-content\/uploads\/2022\/12\/politicamentecorretto-4-600x1093.jpg 600w, https:\/\/www.cesarecatania.eu\/wp-content\/uploads\/2022\/12\/politicamentecorretto-4-165x300.jpg 165w, https:\/\/www.cesarecatania.eu\/wp-content\/uploads\/2022\/12\/politicamentecorretto-4-562x1024.jpg 562w, https:\/\/www.cesarecatania.eu\/wp-content\/uploads\/2022\/12\/politicamentecorretto-4-843x1536.jpg 843w, https:\/\/www.cesarecatania.eu\/wp-content\/uploads\/2022\/12\/politicamentecorretto-4-500x911.jpg 500w, https:\/\/www.cesarecatania.eu\/wp-content\/uploads\/2022\/12\/politicamentecorretto-4-800x1458.jpg 800w, https:\/\/www.cesarecatania.eu\/wp-content\/uploads\/2022\/12\/politicamentecorretto-4-830x1512.jpg 830w, https:\/\/www.cesarecatania.eu\/wp-content\/uploads\/2022\/12\/politicamentecorretto-4-230x419.jpg 230w, https:\/\/www.cesarecatania.eu\/wp-content\/uploads\/2022\/12\/politicamentecorretto-4-350x638.jpg 350w, https:\/\/www.cesarecatania.eu\/wp-content\/uploads\/2022\/12\/politicamentecorretto-4-480x875.jpg 480w, https:\/\/www.cesarecatania.eu\/wp-content\/uploads\/2022\/12\/politicamentecorretto-4.jpg 1080w\" sizes=\"(max-width: 768px) 100vw, 768px\" \/><\/a>\n\t\t\t<\/div><\/figure><figure class='gallery-item'>\n\t\t\t<div class='gallery-icon portrait'>\n\t\t\t\t<a data-elementor-open-lightbox=\"yes\" data-elementor-lightbox-slideshow=\"5cce4f8\" data-elementor-lightbox-title=\"politicamentecorretto (2)\" data-e-action-hash=\"#elementor-action%3Aaction%3Dlightbox%26settings%3DeyJpZCI6MzY3MTYsInVybCI6Imh0dHBzOlwvXC93d3cuY2VzYXJlY2F0YW5pYS5ldVwvd3AtY29udGVudFwvdXBsb2Fkc1wvMjAyMlwvMTJcL3BvbGl0aWNhbWVudGVjb3JyZXR0by0yLmpwZyIsInNsaWRlc2hvdyI6IjVjY2U0ZjgifQ%3D%3D\" href='https:\/\/www.cesarecatania.eu\/wp-content\/uploads\/2022\/12\/politicamentecorretto-2.jpg'><img decoding=\"async\" width=\"768\" height=\"1508\" src=\"https:\/\/www.cesarecatania.eu\/wp-content\/uploads\/2022\/12\/politicamentecorretto-2-768x1508.jpg\" class=\"attachment-medium_large size-medium_large\" alt=\"\" srcset=\"https:\/\/www.cesarecatania.eu\/wp-content\/uploads\/2022\/12\/politicamentecorretto-2-768x1508.jpg 768w, https:\/\/www.cesarecatania.eu\/wp-content\/uploads\/2022\/12\/politicamentecorretto-2-600x1178.jpg 600w, https:\/\/www.cesarecatania.eu\/wp-content\/uploads\/2022\/12\/politicamentecorretto-2-153x300.jpg 153w, https:\/\/www.cesarecatania.eu\/wp-content\/uploads\/2022\/12\/politicamentecorretto-2-521x1024.jpg 521w, https:\/\/www.cesarecatania.eu\/wp-content\/uploads\/2022\/12\/politicamentecorretto-2-782x1536.jpg 782w, https:\/\/www.cesarecatania.eu\/wp-content\/uploads\/2022\/12\/politicamentecorretto-2-1043x2048.jpg 1043w, https:\/\/www.cesarecatania.eu\/wp-content\/uploads\/2022\/12\/politicamentecorretto-2-500x982.jpg 500w, https:\/\/www.cesarecatania.eu\/wp-content\/uploads\/2022\/12\/politicamentecorretto-2-800x1571.jpg 800w, https:\/\/www.cesarecatania.eu\/wp-content\/uploads\/2022\/12\/politicamentecorretto-2-830x1630.jpg 830w, https:\/\/www.cesarecatania.eu\/wp-content\/uploads\/2022\/12\/politicamentecorretto-2-230x452.jpg 230w, https:\/\/www.cesarecatania.eu\/wp-content\/uploads\/2022\/12\/politicamentecorretto-2-350x687.jpg 350w, https:\/\/www.cesarecatania.eu\/wp-content\/uploads\/2022\/12\/politicamentecorretto-2-480x943.jpg 480w, https:\/\/www.cesarecatania.eu\/wp-content\/uploads\/2022\/12\/politicamentecorretto-2.jpg 1080w\" sizes=\"(max-width: 768px) 100vw, 768px\" \/><\/a>\n\t\t\t<\/div><\/figure><figure class='gallery-item'>\n\t\t\t<div class='gallery-icon portrait'>\n\t\t\t\t<a data-elementor-open-lightbox=\"yes\" data-elementor-lightbox-slideshow=\"5cce4f8\" data-elementor-lightbox-title=\"politicamentecorretto\" data-e-action-hash=\"#elementor-action%3Aaction%3Dlightbox%26settings%3DeyJpZCI6MzY3MjEsInVybCI6Imh0dHBzOlwvXC93d3cuY2VzYXJlY2F0YW5pYS5ldVwvd3AtY29udGVudFwvdXBsb2Fkc1wvMjAyMlwvMTJcL3BvbGl0aWNhbWVudGVjb3JyZXR0by5qcGciLCJzbGlkZXNob3ciOiI1Y2NlNGY4In0%3D\" href='https:\/\/www.cesarecatania.eu\/wp-content\/uploads\/2022\/12\/politicamentecorretto.jpg'><img decoding=\"async\" width=\"768\" height=\"1521\" src=\"https:\/\/www.cesarecatania.eu\/wp-content\/uploads\/2022\/12\/politicamentecorretto-768x1521.jpg\" class=\"attachment-medium_large size-medium_large\" alt=\"\" srcset=\"https:\/\/www.cesarecatania.eu\/wp-content\/uploads\/2022\/12\/politicamentecorretto-768x1521.jpg 768w, https:\/\/www.cesarecatania.eu\/wp-content\/uploads\/2022\/12\/politicamentecorretto-600x1188.jpg 600w, https:\/\/www.cesarecatania.eu\/wp-content\/uploads\/2022\/12\/politicamentecorretto-151x300.jpg 151w, https:\/\/www.cesarecatania.eu\/wp-content\/uploads\/2022\/12\/politicamentecorretto-517x1024.jpg 517w, https:\/\/www.cesarecatania.eu\/wp-content\/uploads\/2022\/12\/politicamentecorretto-776x1536.jpg 776w, https:\/\/www.cesarecatania.eu\/wp-content\/uploads\/2022\/12\/politicamentecorretto-1034x2048.jpg 1034w, https:\/\/www.cesarecatania.eu\/wp-content\/uploads\/2022\/12\/politicamentecorretto-500x990.jpg 500w, https:\/\/www.cesarecatania.eu\/wp-content\/uploads\/2022\/12\/politicamentecorretto-800x1584.jpg 800w, https:\/\/www.cesarecatania.eu\/wp-content\/uploads\/2022\/12\/politicamentecorretto-830x1644.jpg 830w, https:\/\/www.cesarecatania.eu\/wp-content\/uploads\/2022\/12\/politicamentecorretto-230x456.jpg 230w, https:\/\/www.cesarecatania.eu\/wp-content\/uploads\/2022\/12\/politicamentecorretto-350x693.jpg 350w, https:\/\/www.cesarecatania.eu\/wp-content\/uploads\/2022\/12\/politicamentecorretto-480x951.jpg 480w, https:\/\/www.cesarecatania.eu\/wp-content\/uploads\/2022\/12\/politicamentecorretto.jpg 1080w\" sizes=\"(max-width: 768px) 100vw, 768px\" \/><\/a>\n\t\t\t<\/div><\/figure><figure class='gallery-item'>\n\t\t\t<div class='gallery-icon portrait'>\n\t\t\t\t<a data-elementor-open-lightbox=\"yes\" data-elementor-lightbox-slideshow=\"5cce4f8\" data-elementor-lightbox-title=\"politicamentecorretto (3)\" data-e-action-hash=\"#elementor-action%3Aaction%3Dlightbox%26settings%3DeyJpZCI6MzY3MjYsInVybCI6Imh0dHBzOlwvXC93d3cuY2VzYXJlY2F0YW5pYS5ldVwvd3AtY29udGVudFwvdXBsb2Fkc1wvMjAyMlwvMTJcL3BvbGl0aWNhbWVudGVjb3JyZXR0by0zLmpwZyIsInNsaWRlc2hvdyI6IjVjY2U0ZjgifQ%3D%3D\" href='https:\/\/www.cesarecatania.eu\/wp-content\/uploads\/2022\/12\/politicamentecorretto-3.jpg'><img loading=\"lazy\" decoding=\"async\" width=\"768\" height=\"1525\" src=\"https:\/\/www.cesarecatania.eu\/wp-content\/uploads\/2022\/12\/politicamentecorretto-3-768x1525.jpg\" class=\"attachment-medium_large size-medium_large\" alt=\"\" srcset=\"https:\/\/www.cesarecatania.eu\/wp-content\/uploads\/2022\/12\/politicamentecorretto-3-768x1525.jpg 768w, https:\/\/www.cesarecatania.eu\/wp-content\/uploads\/2022\/12\/politicamentecorretto-3-600x1192.jpg 600w, https:\/\/www.cesarecatania.eu\/wp-content\/uploads\/2022\/12\/politicamentecorretto-3-151x300.jpg 151w, https:\/\/www.cesarecatania.eu\/wp-content\/uploads\/2022\/12\/politicamentecorretto-3-516x1024.jpg 516w, https:\/\/www.cesarecatania.eu\/wp-content\/uploads\/2022\/12\/politicamentecorretto-3-773x1536.jpg 773w, https:\/\/www.cesarecatania.eu\/wp-content\/uploads\/2022\/12\/politicamentecorretto-3-1031x2048.jpg 1031w, https:\/\/www.cesarecatania.eu\/wp-content\/uploads\/2022\/12\/politicamentecorretto-3-500x993.jpg 500w, https:\/\/www.cesarecatania.eu\/wp-content\/uploads\/2022\/12\/politicamentecorretto-3-800x1589.jpg 800w, https:\/\/www.cesarecatania.eu\/wp-content\/uploads\/2022\/12\/politicamentecorretto-3-830x1648.jpg 830w, https:\/\/www.cesarecatania.eu\/wp-content\/uploads\/2022\/12\/politicamentecorretto-3-230x457.jpg 230w, https:\/\/www.cesarecatania.eu\/wp-content\/uploads\/2022\/12\/politicamentecorretto-3-350x695.jpg 350w, https:\/\/www.cesarecatania.eu\/wp-content\/uploads\/2022\/12\/politicamentecorretto-3-480x953.jpg 480w, https:\/\/www.cesarecatania.eu\/wp-content\/uploads\/2022\/12\/politicamentecorretto-3.jpg 1080w\" sizes=\"(max-width: 768px) 100vw, 768px\" \/><\/a>\n\t\t\t<\/div><\/figure><figure class='gallery-item'>\n\t\t\t<div class='gallery-icon portrait'>\n\t\t\t\t<a data-elementor-open-lightbox=\"yes\" data-elementor-lightbox-slideshow=\"5cce4f8\" data-elementor-lightbox-title=\"politicamentecorretto (5)\" data-e-action-hash=\"#elementor-action%3Aaction%3Dlightbox%26settings%3DeyJpZCI6MzY3MzEsInVybCI6Imh0dHBzOlwvXC93d3cuY2VzYXJlY2F0YW5pYS5ldVwvd3AtY29udGVudFwvdXBsb2Fkc1wvMjAyMlwvMTJcL3BvbGl0aWNhbWVudGVjb3JyZXR0by01LmpwZyIsInNsaWRlc2hvdyI6IjVjY2U0ZjgifQ%3D%3D\" href='https:\/\/www.cesarecatania.eu\/wp-content\/uploads\/2022\/12\/politicamentecorretto-5.jpg'><img loading=\"lazy\" decoding=\"async\" width=\"768\" height=\"1517\" src=\"https:\/\/www.cesarecatania.eu\/wp-content\/uploads\/2022\/12\/politicamentecorretto-5-768x1517.jpg\" class=\"attachment-medium_large size-medium_large\" alt=\"\" srcset=\"https:\/\/www.cesarecatania.eu\/wp-content\/uploads\/2022\/12\/politicamentecorretto-5-768x1517.jpg 768w, https:\/\/www.cesarecatania.eu\/wp-content\/uploads\/2022\/12\/politicamentecorretto-5-600x1185.jpg 600w, https:\/\/www.cesarecatania.eu\/wp-content\/uploads\/2022\/12\/politicamentecorretto-5-152x300.jpg 152w, https:\/\/www.cesarecatania.eu\/wp-content\/uploads\/2022\/12\/politicamentecorretto-5-518x1024.jpg 518w, https:\/\/www.cesarecatania.eu\/wp-content\/uploads\/2022\/12\/politicamentecorretto-5-778x1536.jpg 778w, https:\/\/www.cesarecatania.eu\/wp-content\/uploads\/2022\/12\/politicamentecorretto-5-1037x2048.jpg 1037w, https:\/\/www.cesarecatania.eu\/wp-content\/uploads\/2022\/12\/politicamentecorretto-5-500x988.jpg 500w, https:\/\/www.cesarecatania.eu\/wp-content\/uploads\/2022\/12\/politicamentecorretto-5-800x1580.jpg 800w, https:\/\/www.cesarecatania.eu\/wp-content\/uploads\/2022\/12\/politicamentecorretto-5-830x1639.jpg 830w, https:\/\/www.cesarecatania.eu\/wp-content\/uploads\/2022\/12\/politicamentecorretto-5-230x454.jpg 230w, https:\/\/www.cesarecatania.eu\/wp-content\/uploads\/2022\/12\/politicamentecorretto-5-350x691.jpg 350w, https:\/\/www.cesarecatania.eu\/wp-content\/uploads\/2022\/12\/politicamentecorretto-5-480x948.jpg 480w, https:\/\/www.cesarecatania.eu\/wp-content\/uploads\/2022\/12\/politicamentecorretto-5.jpg 1080w\" sizes=\"(max-width: 768px) 100vw, 768px\" \/><\/a>\n\t\t\t<\/div><\/figure>\n\t\t<\/div>\n\t\t<\/div>\n\t\t\t\t\t\t<\/div>\n\t\t\t\t<\/div>\n\t\t\t\t\t<\/div>\n\t\t<\/div>\n\t\t\t\t\t<\/div>\n\t\t<\/section>\n\t\t\t\t<\/div>\n\t\t","protected":false},"excerpt":{"rendered":"<p>Pays\u00a0: ITALIE Source: Milano Today extrait de l&#8217;article officiel\u00a0: L&#8217;art contemporain de Cesare Catania va au-del\u00e0 de la peinture et se transforme en un message social Milan &#8211; La premi\u00e8re \u00e9tape du projet intitul\u00e9 &#8220;L&#8217;Abbraccio&#8221; vient de s&#8217;achever, un projet [&hellip;]<\/p>\n","protected":false},"author":14,"featured_media":36762,"menu_order":0,"comment_status":"closed","ping_status":"closed","template":"","format":"standard","meta":{"_eb_attr":"","_vp_format_video_url":"","_vp_image_focal_point":[],"_vp_custom_popup_image":0,"_vp_format_audio_url":"","_vp_custom_thumbnail":0,"_vp_custom_thumbnail_focal_point":[],"_vp_hover_thumbnail":0,"_vp_hover_thumbnail_focal_point":[],"footnotes":""},"portfolio_category":[10278,9848],"portfolio_tag":[9860,77,9895],"class_list":["post-36792","portfolio","type-portfolio","status-publish","format-standard","has-post-thumbnail","hentry","portfolio_category-2022-fr","portfolio_category-italie","portfolio_tag-arte-in-italia-fr","portfolio_tag-cesare-catania-fr","portfolio_tag-notizie-di-arte-in-italia-fr"],"yoast_head":"<!-- This site is optimized with the Yoast SEO plugin v26.5 - https:\/\/yoast.com\/wordpress\/plugins\/seo\/ -->\n<title>Source: Milano Today - Cesare Catania - Contemporary Art<\/title>\n<meta name=\"description\" content=\"Cesare Catania su Milano Today\" \/>\n<meta name=\"robots\" content=\"index, follow, max-snippet:-1, max-image-preview:large, max-video-preview:-1\" \/>\n<link rel=\"canonical\" href=\"https:\/\/www.cesarecatania.eu\/fr\/portfolio\/fonte-milano-today-2\/\" \/>\n<meta property=\"og:locale\" content=\"fr_FR\" \/>\n<meta property=\"og:type\" content=\"article\" \/>\n<meta property=\"og:title\" content=\"Source: Milano Today - Cesare Catania - Contemporary Art\" \/>\n<meta property=\"og:description\" content=\"Cesare Catania su Milano Today\" \/>\n<meta property=\"og:url\" content=\"https:\/\/www.cesarecatania.eu\/fr\/portfolio\/fonte-milano-today-2\/\" \/>\n<meta property=\"og:site_name\" content=\"Cesare Catania - Contemporary Art\" \/>\n<meta property=\"article:modified_time\" content=\"2022-12-20T09:38:33+00:00\" \/>\n<meta property=\"og:image\" content=\"https:\/\/www.cesarecatania.eu\/wp-content\/uploads\/2022\/12\/Milano-Today-3.jpg\" \/>\n\t<meta property=\"og:image:width\" content=\"1080\" \/>\n\t<meta property=\"og:image:height\" content=\"2000\" \/>\n\t<meta property=\"og:image:type\" content=\"image\/jpeg\" \/>\n<meta name=\"twitter:card\" content=\"summary_large_image\" \/>\n<meta name=\"twitter:site\" content=\"@cesare_catania\" \/>\n<meta name=\"twitter:label1\" content=\"Dur\u00e9e de lecture estim\u00e9e\" \/>\n\t<meta name=\"twitter:data1\" content=\"5 minutes\" \/>\n<script type=\"application\/ld+json\" class=\"yoast-schema-graph\">{\"@context\":\"https:\/\/schema.org\",\"@graph\":[{\"@type\":\"WebPage\",\"@id\":\"https:\/\/www.cesarecatania.eu\/fr\/portfolio\/fonte-milano-today-2\/\",\"url\":\"https:\/\/www.cesarecatania.eu\/fr\/portfolio\/fonte-milano-today-2\/\",\"name\":\"Source: Milano Today - Cesare Catania - Contemporary Art\",\"isPartOf\":{\"@id\":\"https:\/\/www.cesarecatania.eu\/#website\"},\"primaryImageOfPage\":{\"@id\":\"https:\/\/www.cesarecatania.eu\/fr\/portfolio\/fonte-milano-today-2\/#primaryimage\"},\"image\":{\"@id\":\"https:\/\/www.cesarecatania.eu\/fr\/portfolio\/fonte-milano-today-2\/#primaryimage\"},\"thumbnailUrl\":\"https:\/\/www.cesarecatania.eu\/wp-content\/uploads\/2022\/12\/Milano-Today-3.jpg\",\"datePublished\":\"2022-12-18T16:39:56+00:00\",\"dateModified\":\"2022-12-20T09:38:33+00:00\",\"description\":\"Cesare Catania su Milano Today\",\"breadcrumb\":{\"@id\":\"https:\/\/www.cesarecatania.eu\/fr\/portfolio\/fonte-milano-today-2\/#breadcrumb\"},\"inLanguage\":\"fr-FR\",\"potentialAction\":[{\"@type\":\"ReadAction\",\"target\":[\"https:\/\/www.cesarecatania.eu\/fr\/portfolio\/fonte-milano-today-2\/\"]}]},{\"@type\":\"ImageObject\",\"inLanguage\":\"fr-FR\",\"@id\":\"https:\/\/www.cesarecatania.eu\/fr\/portfolio\/fonte-milano-today-2\/#primaryimage\",\"url\":\"https:\/\/www.cesarecatania.eu\/wp-content\/uploads\/2022\/12\/Milano-Today-3.jpg\",\"contentUrl\":\"https:\/\/www.cesarecatania.eu\/wp-content\/uploads\/2022\/12\/Milano-Today-3.jpg\",\"width\":1080,\"height\":2000},{\"@type\":\"BreadcrumbList\",\"@id\":\"https:\/\/www.cesarecatania.eu\/fr\/portfolio\/fonte-milano-today-2\/#breadcrumb\",\"itemListElement\":[{\"@type\":\"ListItem\",\"position\":1,\"name\":\"\",\"item\":\"https:\/\/www.cesarecatania.eu\/fr\/\"},{\"@type\":\"ListItem\",\"position\":2,\"name\":\"Portfolio\",\"item\":\"https:\/\/www.cesarecatania.eu\/fr\/portfolio\/\"},{\"@type\":\"ListItem\",\"position\":3,\"name\":\"PRESSE INTERNATIONALE\",\"item\":\"https:\/\/www.cesarecatania.eu\/fr\/portfolio-category\/presse-internationale-art-contemporain\/\"},{\"@type\":\"ListItem\",\"position\":4,\"name\":\"2022\",\"item\":\"https:\/\/www.cesarecatania.eu\/fr\/portfolio-category\/2022-fr\/\"},{\"@type\":\"ListItem\",\"position\":5,\"name\":\"Source: Milano Today\"}]},{\"@type\":\"WebSite\",\"@id\":\"https:\/\/www.cesarecatania.eu\/#website\",\"url\":\"https:\/\/www.cesarecatania.eu\/\",\"name\":\"Cesare Catania - Contemporary Art\",\"description\":\"\u0152uvres de G\u00e9nie \u2013 Peintures \u2013 Sculptures\",\"publisher\":{\"@id\":\"https:\/\/www.cesarecatania.eu\/#\/schema\/person\/584c451c301d1df9adae083787500657\"},\"potentialAction\":[{\"@type\":\"SearchAction\",\"target\":{\"@type\":\"EntryPoint\",\"urlTemplate\":\"https:\/\/www.cesarecatania.eu\/?s={search_term_string}\"},\"query-input\":{\"@type\":\"PropertyValueSpecification\",\"valueRequired\":true,\"valueName\":\"search_term_string\"}}],\"inLanguage\":\"fr-FR\"},{\"@type\":[\"Person\",\"Organization\"],\"@id\":\"https:\/\/www.cesarecatania.eu\/#\/schema\/person\/584c451c301d1df9adae083787500657\",\"name\":\"Cesare Catania\",\"image\":{\"@type\":\"ImageObject\",\"inLanguage\":\"fr-FR\",\"@id\":\"https:\/\/www.cesarecatania.eu\/#\/schema\/person\/image\/\",\"url\":\"https:\/\/secure.gravatar.com\/avatar\/c7d7cb9079ca3f7f5efeaba9650e34bd1db72bef1ff052980417596524c8a888?s=96&d=mm&r=g\",\"contentUrl\":\"https:\/\/secure.gravatar.com\/avatar\/c7d7cb9079ca3f7f5efeaba9650e34bd1db72bef1ff052980417596524c8a888?s=96&d=mm&r=g\",\"caption\":\"Cesare Catania\"},\"logo\":{\"@id\":\"https:\/\/www.cesarecatania.eu\/#\/schema\/person\/image\/\"}}]}<\/script>\n<!-- \/ Yoast SEO plugin. -->","yoast_head_json":{"title":"Source: Milano Today - Cesare Catania - Contemporary Art","description":"Cesare Catania su Milano Today","robots":{"index":"index","follow":"follow","max-snippet":"max-snippet:-1","max-image-preview":"max-image-preview:large","max-video-preview":"max-video-preview:-1"},"canonical":"https:\/\/www.cesarecatania.eu\/fr\/portfolio\/fonte-milano-today-2\/","og_locale":"fr_FR","og_type":"article","og_title":"Source: Milano Today - Cesare Catania - Contemporary Art","og_description":"Cesare Catania su Milano Today","og_url":"https:\/\/www.cesarecatania.eu\/fr\/portfolio\/fonte-milano-today-2\/","og_site_name":"Cesare Catania - Contemporary Art","article_modified_time":"2022-12-20T09:38:33+00:00","og_image":[{"width":1080,"height":2000,"url":"https:\/\/www.cesarecatania.eu\/wp-content\/uploads\/2022\/12\/Milano-Today-3.jpg","type":"image\/jpeg"}],"twitter_card":"summary_large_image","twitter_site":"@cesare_catania","twitter_misc":{"Dur\u00e9e de lecture estim\u00e9e":"5 minutes"},"schema":{"@context":"https:\/\/schema.org","@graph":[{"@type":"WebPage","@id":"https:\/\/www.cesarecatania.eu\/fr\/portfolio\/fonte-milano-today-2\/","url":"https:\/\/www.cesarecatania.eu\/fr\/portfolio\/fonte-milano-today-2\/","name":"Source: Milano Today - Cesare Catania - Contemporary Art","isPartOf":{"@id":"https:\/\/www.cesarecatania.eu\/#website"},"primaryImageOfPage":{"@id":"https:\/\/www.cesarecatania.eu\/fr\/portfolio\/fonte-milano-today-2\/#primaryimage"},"image":{"@id":"https:\/\/www.cesarecatania.eu\/fr\/portfolio\/fonte-milano-today-2\/#primaryimage"},"thumbnailUrl":"https:\/\/www.cesarecatania.eu\/wp-content\/uploads\/2022\/12\/Milano-Today-3.jpg","datePublished":"2022-12-18T16:39:56+00:00","dateModified":"2022-12-20T09:38:33+00:00","description":"Cesare Catania su Milano Today","breadcrumb":{"@id":"https:\/\/www.cesarecatania.eu\/fr\/portfolio\/fonte-milano-today-2\/#breadcrumb"},"inLanguage":"fr-FR","potentialAction":[{"@type":"ReadAction","target":["https:\/\/www.cesarecatania.eu\/fr\/portfolio\/fonte-milano-today-2\/"]}]},{"@type":"ImageObject","inLanguage":"fr-FR","@id":"https:\/\/www.cesarecatania.eu\/fr\/portfolio\/fonte-milano-today-2\/#primaryimage","url":"https:\/\/www.cesarecatania.eu\/wp-content\/uploads\/2022\/12\/Milano-Today-3.jpg","contentUrl":"https:\/\/www.cesarecatania.eu\/wp-content\/uploads\/2022\/12\/Milano-Today-3.jpg","width":1080,"height":2000},{"@type":"BreadcrumbList","@id":"https:\/\/www.cesarecatania.eu\/fr\/portfolio\/fonte-milano-today-2\/#breadcrumb","itemListElement":[{"@type":"ListItem","position":1,"name":"","item":"https:\/\/www.cesarecatania.eu\/fr\/"},{"@type":"ListItem","position":2,"name":"Portfolio","item":"https:\/\/www.cesarecatania.eu\/fr\/portfolio\/"},{"@type":"ListItem","position":3,"name":"PRESSE INTERNATIONALE","item":"https:\/\/www.cesarecatania.eu\/fr\/portfolio-category\/presse-internationale-art-contemporain\/"},{"@type":"ListItem","position":4,"name":"2022","item":"https:\/\/www.cesarecatania.eu\/fr\/portfolio-category\/2022-fr\/"},{"@type":"ListItem","position":5,"name":"Source: Milano Today"}]},{"@type":"WebSite","@id":"https:\/\/www.cesarecatania.eu\/#website","url":"https:\/\/www.cesarecatania.eu\/","name":"Cesare Catania - Contemporary Art","description":"\u0152uvres de G\u00e9nie \u2013 Peintures \u2013 Sculptures","publisher":{"@id":"https:\/\/www.cesarecatania.eu\/#\/schema\/person\/584c451c301d1df9adae083787500657"},"potentialAction":[{"@type":"SearchAction","target":{"@type":"EntryPoint","urlTemplate":"https:\/\/www.cesarecatania.eu\/?s={search_term_string}"},"query-input":{"@type":"PropertyValueSpecification","valueRequired":true,"valueName":"search_term_string"}}],"inLanguage":"fr-FR"},{"@type":["Person","Organization"],"@id":"https:\/\/www.cesarecatania.eu\/#\/schema\/person\/584c451c301d1df9adae083787500657","name":"Cesare Catania","image":{"@type":"ImageObject","inLanguage":"fr-FR","@id":"https:\/\/www.cesarecatania.eu\/#\/schema\/person\/image\/","url":"https:\/\/secure.gravatar.com\/avatar\/c7d7cb9079ca3f7f5efeaba9650e34bd1db72bef1ff052980417596524c8a888?s=96&d=mm&r=g","contentUrl":"https:\/\/secure.gravatar.com\/avatar\/c7d7cb9079ca3f7f5efeaba9650e34bd1db72bef1ff052980417596524c8a888?s=96&d=mm&r=g","caption":"Cesare Catania"},"logo":{"@id":"https:\/\/www.cesarecatania.eu\/#\/schema\/person\/image\/"}}]}},"_links":{"self":[{"href":"https:\/\/www.cesarecatania.eu\/fr\/wp-json\/wp\/v2\/portfolio\/36792","targetHints":{"allow":["GET"]}}],"collection":[{"href":"https:\/\/www.cesarecatania.eu\/fr\/wp-json\/wp\/v2\/portfolio"}],"about":[{"href":"https:\/\/www.cesarecatania.eu\/fr\/wp-json\/wp\/v2\/types\/portfolio"}],"author":[{"embeddable":true,"href":"https:\/\/www.cesarecatania.eu\/fr\/wp-json\/wp\/v2\/users\/14"}],"replies":[{"embeddable":true,"href":"https:\/\/www.cesarecatania.eu\/fr\/wp-json\/wp\/v2\/comments?post=36792"}],"version-history":[{"count":0,"href":"https:\/\/www.cesarecatania.eu\/fr\/wp-json\/wp\/v2\/portfolio\/36792\/revisions"}],"wp:featuredmedia":[{"embeddable":true,"href":"https:\/\/www.cesarecatania.eu\/fr\/wp-json\/wp\/v2\/media\/36762"}],"wp:attachment":[{"href":"https:\/\/www.cesarecatania.eu\/fr\/wp-json\/wp\/v2\/media?parent=36792"}],"wp:term":[{"taxonomy":"portfolio_category","embeddable":true,"href":"https:\/\/www.cesarecatania.eu\/fr\/wp-json\/wp\/v2\/portfolio_category?post=36792"},{"taxonomy":"portfolio_tag","embeddable":true,"href":"https:\/\/www.cesarecatania.eu\/fr\/wp-json\/wp\/v2\/portfolio_tag?post=36792"}],"curies":[{"name":"wp","href":"https:\/\/api.w.org\/{rel}","templated":true}]}}