{"id":36898,"date":"2022-12-18T18:21:02","date_gmt":"2022-12-18T17:21:02","guid":{"rendered":"https:\/\/www.cesarecatania.eu\/portfolio\/fonte-radio-lombardia\/"},"modified":"2022-12-20T10:38:14","modified_gmt":"2022-12-20T09:38:14","slug":"fonte-radio-lombardia","status":"publish","type":"portfolio","link":"https:\/\/www.cesarecatania.eu\/fr\/portfolio\/fonte-radio-lombardia\/","title":{"rendered":"Source: RADIO LOMBARDIA"},"content":{"rendered":"\t\t<div data-elementor-type=\"wp-post\" data-elementor-id=\"36898\" class=\"elementor elementor-36898 elementor-36881\" data-elementor-settings=\"{&quot;element_pack_global_tooltip_width&quot;:{&quot;unit&quot;:&quot;px&quot;,&quot;size&quot;:&quot;&quot;,&quot;sizes&quot;:[]},&quot;element_pack_global_tooltip_width_tablet&quot;:{&quot;unit&quot;:&quot;px&quot;,&quot;size&quot;:&quot;&quot;,&quot;sizes&quot;:[]},&quot;element_pack_global_tooltip_width_mobile&quot;:{&quot;unit&quot;:&quot;px&quot;,&quot;size&quot;:&quot;&quot;,&quot;sizes&quot;:[]},&quot;element_pack_global_tooltip_padding&quot;:{&quot;unit&quot;:&quot;px&quot;,&quot;top&quot;:&quot;&quot;,&quot;right&quot;:&quot;&quot;,&quot;bottom&quot;:&quot;&quot;,&quot;left&quot;:&quot;&quot;,&quot;isLinked&quot;:true},&quot;element_pack_global_tooltip_padding_tablet&quot;:{&quot;unit&quot;:&quot;px&quot;,&quot;top&quot;:&quot;&quot;,&quot;right&quot;:&quot;&quot;,&quot;bottom&quot;:&quot;&quot;,&quot;left&quot;:&quot;&quot;,&quot;isLinked&quot;:true},&quot;element_pack_global_tooltip_padding_mobile&quot;:{&quot;unit&quot;:&quot;px&quot;,&quot;top&quot;:&quot;&quot;,&quot;right&quot;:&quot;&quot;,&quot;bottom&quot;:&quot;&quot;,&quot;left&quot;:&quot;&quot;,&quot;isLinked&quot;:true},&quot;element_pack_global_tooltip_border_radius&quot;:{&quot;unit&quot;:&quot;px&quot;,&quot;top&quot;:&quot;&quot;,&quot;right&quot;:&quot;&quot;,&quot;bottom&quot;:&quot;&quot;,&quot;left&quot;:&quot;&quot;,&quot;isLinked&quot;:true},&quot;element_pack_global_tooltip_border_radius_tablet&quot;:{&quot;unit&quot;:&quot;px&quot;,&quot;top&quot;:&quot;&quot;,&quot;right&quot;:&quot;&quot;,&quot;bottom&quot;:&quot;&quot;,&quot;left&quot;:&quot;&quot;,&quot;isLinked&quot;:true},&quot;element_pack_global_tooltip_border_radius_mobile&quot;:{&quot;unit&quot;:&quot;px&quot;,&quot;top&quot;:&quot;&quot;,&quot;right&quot;:&quot;&quot;,&quot;bottom&quot;:&quot;&quot;,&quot;left&quot;:&quot;&quot;,&quot;isLinked&quot;:true}}\" data-elementor-post-type=\"portfolio\">\n\t\t\t\t\t\t<section class=\"has_eae_slider elementor-section elementor-top-section elementor-element elementor-element-7bc9792a elementor-section-content-middle elementor-section-full_width elementor-section-height-default elementor-section-height-default\" data-eae-slider=\"64779\" data-id=\"7bc9792a\" data-element_type=\"section\">\n\t\t\t\t\t\t<div class=\"elementor-container elementor-column-gap-no\">\n\t\t\t\t\t<div class=\"has_eae_slider elementor-column elementor-col-100 elementor-top-column elementor-element elementor-element-3c072adb\" data-eae-slider=\"56899\" data-id=\"3c072adb\" data-element_type=\"column\">\n\t\t\t<div class=\"elementor-widget-wrap elementor-element-populated\">\n\t\t\t\t\t\t<div class=\"elementor-element elementor-element-70e0fb3 elementor-widget elementor-widget-heading\" data-id=\"70e0fb3\" data-element_type=\"widget\" data-widget_type=\"heading.default\">\n\t\t\t\t<div class=\"elementor-widget-container\">\n\t\t\t\t\t<h3 class=\"elementor-heading-title elementor-size-default\">Pays\u00a0: ITALIE<br><br>\nSource: RADIO LOMBARDIA<\/h3>\t\t\t\t<\/div>\n\t\t\t\t<\/div>\n\t\t\t\t<div class=\"elementor-element elementor-element-bde188b elementor-widget elementor-widget-spacer\" data-id=\"bde188b\" data-element_type=\"widget\" data-widget_type=\"spacer.default\">\n\t\t\t\t<div class=\"elementor-widget-container\">\n\t\t\t\t\t\t\t<div class=\"elementor-spacer\">\n\t\t\t<div class=\"elementor-spacer-inner\"><\/div>\n\t\t<\/div>\n\t\t\t\t\t\t<\/div>\n\t\t\t\t<\/div>\n\t\t\t\t<div class=\"elementor-element elementor-element-6270ba70 elementor-widget elementor-widget-text-editor\" data-id=\"6270ba70\" data-element_type=\"widget\" data-widget_type=\"text-editor.default\">\n\t\t\t\t<div class=\"elementor-widget-container\">\n\t\t\t\t\t\t\t\t\t<h4>extrait d&#8217;article officiel :<\/h4><p>Journaliste &#8211; Nicoletta Prandi<br \/>00:00:00 &#8211; 00:00:08<br \/>&#8230; et nous reviendrons en direct pour vous parler un peu d&#8217;art mais aussi d&#8217;art num\u00e9rique en compagnie de Cesare Catania, peintre, sculpteur et artiste num\u00e9rique d\u00e9j\u00e0 connect\u00e9 avec nous. Bienvenue!<\/p><p>C\u00e9sar Catane<br \/>00:00:10 &#8211; 00:00:11<br \/>Salut tout le monde,<\/p><p>Journaliste &#8211; Nicoletta Prandi<br \/>00:00:12 &#8211; 00:00:40<br \/>on d\u00e9cide de se donner le tuto ? Vos \u0153uvres sont expos\u00e9es ces jours-ci \u00e0 Milan \u00e0 la galerie San Babila D&#8217;Arte. Il y a quatorze nouvelles \u0153uvres dont des peintures et des sculptures. Et puis j&#8217;aimerais aussi aborder avec vous le th\u00e8me de l&#8217;innovation du num\u00e9rique dans le monde de l&#8217;art, mais aussi la mani\u00e8re de l&#8217;utiliser. Commen\u00e7ons par les \u0153uvres expos\u00e9es.<\/p><p>C\u00e9sar Catane<br \/>00:00:41 &#8211; 00:01:45<br \/>Oui, en ce moment quatorze \u0153uvres nouvelles et seize appartenant aux anciennes collections sont expos\u00e9es. Les nouvelles \u0153uvres sont essentiellement une sorte d&#8217;introspection sur ce qu&#8217;est le voyage psychologique et \u00e9motionnel qu&#8217;un artiste vit lorsqu&#8217;il aborde une nouvelle toile ou une sculpture \u00e0 cr\u00e9er. Ainsi, tous les sentiments sont touch\u00e9s\u2026. Bref, du bonheur \u00e0 la timidit\u00e9. Timidit\u00e9 entendue comme timidit\u00e9 envers la toile vierge. Ainsi l&#8217;artiste qui se sent petit devant une toile encore non peinte. Et toujours au sein de l&#8217;exposition, des th\u00e9matiques li\u00e9es au num\u00e9rique sont abord\u00e9es, dans le sens o\u00f9 je pr\u00e9sente sept collections de NFT et d&#8217;art num\u00e9rique au sein de quelques vitrines holographiques. L&#8217;exposition pr\u00e9sente \u00e9galement trois \u0153uvres num\u00e9riques li\u00e9es \u00e0 trois \u0153uvres d&#8217;artistes historicis\u00e9s : Edvard Munch, Andy Warhol et Faberg\u00e8.<\/p><p><br \/>Journaliste &#8211; Nicoletta Prandi<br \/>00:02:37 &#8211; 00:03:23<br \/>Reconnecter avec nous Cesare Catania. Vous nous parliez des \u0153uvres historicis\u00e9es\u2026 Je tiens \u00e0 vous rappeler que vous avez d\u00e9j\u00e0 inaugur\u00e9 votre galerie personnelle dans le m\u00e9tavers. Et puis vous \u00eates le directeur artistique de Metaword, la premi\u00e8re plateforme virtuelle, \u00e9galement une application, o\u00f9 les utilisateurs peuvent partager, vendre ou promouvoir leur m\u00e9taverse. En fait je voudrais aussi essayer d&#8217;expliquer, aux non-initi\u00e9s, quels sont les effets et ensuite vous demander une r\u00e9flexion sur ce fait. Car si l&#8217;on pense, par exemple, aux \u0153uvres de Michel-Ange et de Rapha\u00ebl qui nous ont aid\u00e9s \u00e0 vivre des si\u00e8cles d&#8217;art apr\u00e8s J\u00e9sus-Christ, eh bien&#8230; il y a un grand mur qui s\u00e9pare l&#8217;art, au sens traditionnel, de l&#8217;art num\u00e9rique. Il faut savoir se faire plaisir&#8230; N&#8217;importe qui aurait pu aller voir une \u0153uvre de Rapha\u00ebl ou de Michel-Ange. Au moins, il n&#8217;aurait pas tout compris&#8230;<\/p><p>C\u00e9sar Catane<br \/>00:03:25 &#8211; 00:04:17<br \/>Oui bien s\u00fbr\u2026 Je commence par le bas\u2026. art num\u00e9rique; A mon avis il faut l&#8217;entendre comme une sorte d&#8217;amplificateur d&#8217;\u00e9motions, de sensations. Alors disons qu&#8217;au d\u00e9but \u00e7a a sans doute laiss\u00e9 un peu perplexe. Car on pensait que l&#8217;art num\u00e9rique pouvait \u00eatre une simple r\u00e9plique de l&#8217;art traditionnel. En r\u00e9alit\u00e9 ce n&#8217;est pas comme \u00e7a, du moins ce n&#8217;est pas comme \u00e7a que je le vis&#8230; Pour moi, l&#8217;art num\u00e9rique a beaucoup d&#8217;atouts et beaucoup de valeurs ajout\u00e9es, et il est juste que nous nous concentrions sur ceux-ci. Lesquels sont-ils ? Eh bien, tout d&#8217;abord, le tout premier fait r\u00e9f\u00e9rence \u00e0 la partie dimensionnelle. C&#8217;est-\u00e0-dire que lorsque je peins un tableau ou que je cr\u00e9e une sculpture, j&#8217;ai comme premi\u00e8re limite la limite de la physique et de la g\u00e9om\u00e9trie du tableau devant moi. Je pense que c&#8217;est la m\u00eame chose que tous les artistes historicis\u00e9s avaient, donc Michel-Ange, plut\u00f4t qu&#8217;Andy Warhol. En tout&#8230;<br \/>L&#8217;art num\u00e9rique, en ce sens, nous met devant la condition de n&#8217;avoir aucune limite, donc c&#8217;est un art qui s&#8217;exprime sans aucune limite physique et cette chose profite certainement avant tout \u00e0 l&#8217;artiste (car l&#8217;artiste \u00e0 ce moment-l\u00e0 a la possibilit\u00e9 d&#8217;exprimer lui-m\u00eame avec une \u0153uvre d&#8217;art plus grande que la taille qu&#8217;il aurait normalement). Mais pas seulement&#8230; plus grand non seulement d&#8217;un point de vue dimensionnel, mais aussi en termes d&#8217;espace-temps.<\/p>\t\t\t\t\t\t\t\t<\/div>\n\t\t\t\t<\/div>\n\t\t\t\t\t<\/div>\n\t\t<\/div>\n\t\t\t\t\t<\/div>\n\t\t<\/section>\n\t\t\t\t<section class=\"has_eae_slider elementor-section elementor-top-section elementor-element elementor-element-dcd9407 elementor-section-boxed elementor-section-height-default elementor-section-height-default\" data-eae-slider=\"4269\" data-id=\"dcd9407\" data-element_type=\"section\">\n\t\t\t\t\t\t<div class=\"elementor-container elementor-column-gap-default\">\n\t\t\t\t\t<div class=\"has_eae_slider elementor-column elementor-col-100 elementor-top-column elementor-element elementor-element-ba69c22\" data-eae-slider=\"34982\" data-id=\"ba69c22\" data-element_type=\"column\">\n\t\t\t<div class=\"elementor-widget-wrap elementor-element-populated\">\n\t\t\t\t\t\t<div class=\"elementor-element elementor-element-29e53f0 elementor-widget elementor-widget-video\" data-id=\"29e53f0\" data-element_type=\"widget\" data-settings=\"{&quot;video_type&quot;:&quot;hosted&quot;,&quot;show_image_overlay&quot;:&quot;yes&quot;,&quot;image_overlay&quot;:{&quot;url&quot;:&quot;https:\\\/\\\/www.cesarecatania.eu\\\/wp-content\\\/uploads\\\/2022\\\/12\\\/RADIO-LOMBARDIA.jpg&quot;,&quot;id&quot;:36885,&quot;size&quot;:&quot;&quot;,&quot;alt&quot;:&quot;&quot;,&quot;source&quot;:&quot;library&quot;},&quot;controls&quot;:&quot;yes&quot;}\" data-widget_type=\"video.default\">\n\t\t\t\t<div class=\"elementor-widget-container\">\n\t\t\t\t\t\t\t<div class=\"e-hosted-video elementor-wrapper elementor-open-inline\">\n\t\t\t\t\t<video class=\"elementor-video\" src=\"https:\/\/www.cesarecatania.eu\/wp-content\/uploads\/2022\/12\/radio-lombardia.mp4\" controls=\"\" preload=\"metadata\" controlsList=\"nodownload\"><\/video>\n\t\t\t\t\t\t<div class=\"elementor-custom-embed-image-overlay\" style=\"background-image: url(https:\/\/www.cesarecatania.eu\/wp-content\/uploads\/2022\/12\/RADIO-LOMBARDIA.jpg);\">\n\t\t\t\t\t\t\t\t\t\t\t\t\t\t\t\t<div class=\"elementor-custom-embed-play\" role=\"button\" aria-label=\"Lire la vid\u00e9o\" tabindex=\"0\">\n\t\t\t\t\t\t\t<i aria-hidden=\"true\" class=\"eicon-play\"><\/i>\t\t\t\t\t\t<\/div>\n\t\t\t\t\t\t\t\t\t<\/div>\n\t\t\t\t\t<\/div>\n\t\t\t\t\t\t<\/div>\n\t\t\t\t<\/div>\n\t\t\t\t\t<\/div>\n\t\t<\/div>\n\t\t\t\t\t<\/div>\n\t\t<\/section>\n\t\t\t\t<\/div>\n\t\t","protected":false},"excerpt":{"rendered":"<p>Pays\u00a0: ITALIE Source: RADIO LOMBARDIA extrait d&#8217;article officiel : Journaliste &#8211; Nicoletta Prandi00:00:00 &#8211; 00:00:08&#8230; et nous reviendrons en direct pour vous parler un peu d&#8217;art mais aussi d&#8217;art num\u00e9rique en compagnie de Cesare Catania, peintre, sculpteur et artiste num\u00e9rique [&hellip;]<\/p>\n","protected":false},"author":14,"featured_media":36885,"menu_order":0,"comment_status":"closed","ping_status":"closed","template":"","format":"standard","meta":{"_eb_attr":"","_vp_format_video_url":"","_vp_image_focal_point":[],"_vp_custom_popup_image":0,"_vp_format_audio_url":"","_vp_custom_thumbnail":0,"_vp_custom_thumbnail_focal_point":[],"_vp_hover_thumbnail":0,"_vp_hover_thumbnail_focal_point":[],"footnotes":""},"portfolio_category":[10278,9848],"portfolio_tag":[9860,77,9895],"class_list":["post-36898","portfolio","type-portfolio","status-publish","format-standard","has-post-thumbnail","hentry","portfolio_category-2022-fr","portfolio_category-italie","portfolio_tag-arte-in-italia-fr","portfolio_tag-cesare-catania-fr","portfolio_tag-notizie-di-arte-in-italia-fr"],"yoast_head":"<!-- This site is optimized with the Yoast SEO plugin v26.5 - https:\/\/yoast.com\/wordpress\/plugins\/seo\/ -->\n<title>Source: RADIO LOMBARDIA - Cesare Catania - Contemporary Art<\/title>\n<meta name=\"description\" content=\"Cesare Catania su RADIO LOMBARDIA\" \/>\n<meta name=\"robots\" content=\"index, follow, max-snippet:-1, max-image-preview:large, max-video-preview:-1\" \/>\n<link rel=\"canonical\" href=\"https:\/\/www.cesarecatania.eu\/fr\/portfolio\/fonte-radio-lombardia\/\" \/>\n<meta property=\"og:locale\" content=\"fr_FR\" \/>\n<meta property=\"og:type\" content=\"article\" \/>\n<meta property=\"og:title\" content=\"Source: RADIO LOMBARDIA - Cesare Catania - Contemporary Art\" \/>\n<meta property=\"og:description\" content=\"Cesare Catania su RADIO LOMBARDIA\" \/>\n<meta property=\"og:url\" content=\"https:\/\/www.cesarecatania.eu\/fr\/portfolio\/fonte-radio-lombardia\/\" \/>\n<meta property=\"og:site_name\" content=\"Cesare Catania - Contemporary Art\" \/>\n<meta property=\"article:modified_time\" content=\"2022-12-20T09:38:14+00:00\" \/>\n<meta property=\"og:image\" content=\"https:\/\/www.cesarecatania.eu\/wp-content\/uploads\/2022\/12\/RADIO-LOMBARDIA.jpg\" \/>\n\t<meta property=\"og:image:width\" content=\"1080\" \/>\n\t<meta property=\"og:image:height\" content=\"1792\" \/>\n\t<meta property=\"og:image:type\" content=\"image\/jpeg\" \/>\n<meta name=\"twitter:card\" content=\"summary_large_image\" \/>\n<meta name=\"twitter:site\" content=\"@cesare_catania\" \/>\n<meta name=\"twitter:label1\" content=\"Dur\u00e9e de lecture estim\u00e9e\" \/>\n\t<meta name=\"twitter:data1\" content=\"3 minutes\" \/>\n<script type=\"application\/ld+json\" class=\"yoast-schema-graph\">{\"@context\":\"https:\/\/schema.org\",\"@graph\":[{\"@type\":\"WebPage\",\"@id\":\"https:\/\/www.cesarecatania.eu\/fr\/portfolio\/fonte-radio-lombardia\/\",\"url\":\"https:\/\/www.cesarecatania.eu\/fr\/portfolio\/fonte-radio-lombardia\/\",\"name\":\"Source: RADIO LOMBARDIA - Cesare Catania - Contemporary Art\",\"isPartOf\":{\"@id\":\"https:\/\/www.cesarecatania.eu\/#website\"},\"primaryImageOfPage\":{\"@id\":\"https:\/\/www.cesarecatania.eu\/fr\/portfolio\/fonte-radio-lombardia\/#primaryimage\"},\"image\":{\"@id\":\"https:\/\/www.cesarecatania.eu\/fr\/portfolio\/fonte-radio-lombardia\/#primaryimage\"},\"thumbnailUrl\":\"https:\/\/www.cesarecatania.eu\/wp-content\/uploads\/2022\/12\/RADIO-LOMBARDIA.jpg\",\"datePublished\":\"2022-12-18T17:21:02+00:00\",\"dateModified\":\"2022-12-20T09:38:14+00:00\",\"description\":\"Cesare Catania su RADIO LOMBARDIA\",\"breadcrumb\":{\"@id\":\"https:\/\/www.cesarecatania.eu\/fr\/portfolio\/fonte-radio-lombardia\/#breadcrumb\"},\"inLanguage\":\"fr-FR\",\"potentialAction\":[{\"@type\":\"ReadAction\",\"target\":[\"https:\/\/www.cesarecatania.eu\/fr\/portfolio\/fonte-radio-lombardia\/\"]}]},{\"@type\":\"ImageObject\",\"inLanguage\":\"fr-FR\",\"@id\":\"https:\/\/www.cesarecatania.eu\/fr\/portfolio\/fonte-radio-lombardia\/#primaryimage\",\"url\":\"https:\/\/www.cesarecatania.eu\/wp-content\/uploads\/2022\/12\/RADIO-LOMBARDIA.jpg\",\"contentUrl\":\"https:\/\/www.cesarecatania.eu\/wp-content\/uploads\/2022\/12\/RADIO-LOMBARDIA.jpg\",\"width\":1080,\"height\":1792},{\"@type\":\"BreadcrumbList\",\"@id\":\"https:\/\/www.cesarecatania.eu\/fr\/portfolio\/fonte-radio-lombardia\/#breadcrumb\",\"itemListElement\":[{\"@type\":\"ListItem\",\"position\":1,\"name\":\"\",\"item\":\"https:\/\/www.cesarecatania.eu\/fr\/\"},{\"@type\":\"ListItem\",\"position\":2,\"name\":\"Portfolio\",\"item\":\"https:\/\/www.cesarecatania.eu\/fr\/portfolio\/\"},{\"@type\":\"ListItem\",\"position\":3,\"name\":\"PRESSE INTERNATIONALE\",\"item\":\"https:\/\/www.cesarecatania.eu\/fr\/portfolio-category\/presse-internationale-art-contemporain\/\"},{\"@type\":\"ListItem\",\"position\":4,\"name\":\"2022\",\"item\":\"https:\/\/www.cesarecatania.eu\/fr\/portfolio-category\/2022-fr\/\"},{\"@type\":\"ListItem\",\"position\":5,\"name\":\"Source: RADIO LOMBARDIA\"}]},{\"@type\":\"WebSite\",\"@id\":\"https:\/\/www.cesarecatania.eu\/#website\",\"url\":\"https:\/\/www.cesarecatania.eu\/\",\"name\":\"Cesare Catania - Contemporary Art\",\"description\":\"\u0152uvres de G\u00e9nie \u2013 Peintures \u2013 Sculptures\",\"publisher\":{\"@id\":\"https:\/\/www.cesarecatania.eu\/#\/schema\/person\/584c451c301d1df9adae083787500657\"},\"potentialAction\":[{\"@type\":\"SearchAction\",\"target\":{\"@type\":\"EntryPoint\",\"urlTemplate\":\"https:\/\/www.cesarecatania.eu\/?s={search_term_string}\"},\"query-input\":{\"@type\":\"PropertyValueSpecification\",\"valueRequired\":true,\"valueName\":\"search_term_string\"}}],\"inLanguage\":\"fr-FR\"},{\"@type\":[\"Person\",\"Organization\"],\"@id\":\"https:\/\/www.cesarecatania.eu\/#\/schema\/person\/584c451c301d1df9adae083787500657\",\"name\":\"Cesare Catania\",\"image\":{\"@type\":\"ImageObject\",\"inLanguage\":\"fr-FR\",\"@id\":\"https:\/\/www.cesarecatania.eu\/#\/schema\/person\/image\/\",\"url\":\"https:\/\/secure.gravatar.com\/avatar\/c7d7cb9079ca3f7f5efeaba9650e34bd1db72bef1ff052980417596524c8a888?s=96&d=mm&r=g\",\"contentUrl\":\"https:\/\/secure.gravatar.com\/avatar\/c7d7cb9079ca3f7f5efeaba9650e34bd1db72bef1ff052980417596524c8a888?s=96&d=mm&r=g\",\"caption\":\"Cesare Catania\"},\"logo\":{\"@id\":\"https:\/\/www.cesarecatania.eu\/#\/schema\/person\/image\/\"}}]}<\/script>\n<!-- \/ Yoast SEO plugin. -->","yoast_head_json":{"title":"Source: RADIO LOMBARDIA - Cesare Catania - Contemporary Art","description":"Cesare Catania su RADIO LOMBARDIA","robots":{"index":"index","follow":"follow","max-snippet":"max-snippet:-1","max-image-preview":"max-image-preview:large","max-video-preview":"max-video-preview:-1"},"canonical":"https:\/\/www.cesarecatania.eu\/fr\/portfolio\/fonte-radio-lombardia\/","og_locale":"fr_FR","og_type":"article","og_title":"Source: RADIO LOMBARDIA - Cesare Catania - Contemporary Art","og_description":"Cesare Catania su RADIO LOMBARDIA","og_url":"https:\/\/www.cesarecatania.eu\/fr\/portfolio\/fonte-radio-lombardia\/","og_site_name":"Cesare Catania - Contemporary Art","article_modified_time":"2022-12-20T09:38:14+00:00","og_image":[{"width":1080,"height":1792,"url":"https:\/\/www.cesarecatania.eu\/wp-content\/uploads\/2022\/12\/RADIO-LOMBARDIA.jpg","type":"image\/jpeg"}],"twitter_card":"summary_large_image","twitter_site":"@cesare_catania","twitter_misc":{"Dur\u00e9e de lecture estim\u00e9e":"3 minutes"},"schema":{"@context":"https:\/\/schema.org","@graph":[{"@type":"WebPage","@id":"https:\/\/www.cesarecatania.eu\/fr\/portfolio\/fonte-radio-lombardia\/","url":"https:\/\/www.cesarecatania.eu\/fr\/portfolio\/fonte-radio-lombardia\/","name":"Source: RADIO LOMBARDIA - Cesare Catania - Contemporary Art","isPartOf":{"@id":"https:\/\/www.cesarecatania.eu\/#website"},"primaryImageOfPage":{"@id":"https:\/\/www.cesarecatania.eu\/fr\/portfolio\/fonte-radio-lombardia\/#primaryimage"},"image":{"@id":"https:\/\/www.cesarecatania.eu\/fr\/portfolio\/fonte-radio-lombardia\/#primaryimage"},"thumbnailUrl":"https:\/\/www.cesarecatania.eu\/wp-content\/uploads\/2022\/12\/RADIO-LOMBARDIA.jpg","datePublished":"2022-12-18T17:21:02+00:00","dateModified":"2022-12-20T09:38:14+00:00","description":"Cesare Catania su RADIO LOMBARDIA","breadcrumb":{"@id":"https:\/\/www.cesarecatania.eu\/fr\/portfolio\/fonte-radio-lombardia\/#breadcrumb"},"inLanguage":"fr-FR","potentialAction":[{"@type":"ReadAction","target":["https:\/\/www.cesarecatania.eu\/fr\/portfolio\/fonte-radio-lombardia\/"]}]},{"@type":"ImageObject","inLanguage":"fr-FR","@id":"https:\/\/www.cesarecatania.eu\/fr\/portfolio\/fonte-radio-lombardia\/#primaryimage","url":"https:\/\/www.cesarecatania.eu\/wp-content\/uploads\/2022\/12\/RADIO-LOMBARDIA.jpg","contentUrl":"https:\/\/www.cesarecatania.eu\/wp-content\/uploads\/2022\/12\/RADIO-LOMBARDIA.jpg","width":1080,"height":1792},{"@type":"BreadcrumbList","@id":"https:\/\/www.cesarecatania.eu\/fr\/portfolio\/fonte-radio-lombardia\/#breadcrumb","itemListElement":[{"@type":"ListItem","position":1,"name":"","item":"https:\/\/www.cesarecatania.eu\/fr\/"},{"@type":"ListItem","position":2,"name":"Portfolio","item":"https:\/\/www.cesarecatania.eu\/fr\/portfolio\/"},{"@type":"ListItem","position":3,"name":"PRESSE INTERNATIONALE","item":"https:\/\/www.cesarecatania.eu\/fr\/portfolio-category\/presse-internationale-art-contemporain\/"},{"@type":"ListItem","position":4,"name":"2022","item":"https:\/\/www.cesarecatania.eu\/fr\/portfolio-category\/2022-fr\/"},{"@type":"ListItem","position":5,"name":"Source: RADIO LOMBARDIA"}]},{"@type":"WebSite","@id":"https:\/\/www.cesarecatania.eu\/#website","url":"https:\/\/www.cesarecatania.eu\/","name":"Cesare Catania - Contemporary Art","description":"\u0152uvres de G\u00e9nie \u2013 Peintures \u2013 Sculptures","publisher":{"@id":"https:\/\/www.cesarecatania.eu\/#\/schema\/person\/584c451c301d1df9adae083787500657"},"potentialAction":[{"@type":"SearchAction","target":{"@type":"EntryPoint","urlTemplate":"https:\/\/www.cesarecatania.eu\/?s={search_term_string}"},"query-input":{"@type":"PropertyValueSpecification","valueRequired":true,"valueName":"search_term_string"}}],"inLanguage":"fr-FR"},{"@type":["Person","Organization"],"@id":"https:\/\/www.cesarecatania.eu\/#\/schema\/person\/584c451c301d1df9adae083787500657","name":"Cesare Catania","image":{"@type":"ImageObject","inLanguage":"fr-FR","@id":"https:\/\/www.cesarecatania.eu\/#\/schema\/person\/image\/","url":"https:\/\/secure.gravatar.com\/avatar\/c7d7cb9079ca3f7f5efeaba9650e34bd1db72bef1ff052980417596524c8a888?s=96&d=mm&r=g","contentUrl":"https:\/\/secure.gravatar.com\/avatar\/c7d7cb9079ca3f7f5efeaba9650e34bd1db72bef1ff052980417596524c8a888?s=96&d=mm&r=g","caption":"Cesare Catania"},"logo":{"@id":"https:\/\/www.cesarecatania.eu\/#\/schema\/person\/image\/"}}]}},"_links":{"self":[{"href":"https:\/\/www.cesarecatania.eu\/fr\/wp-json\/wp\/v2\/portfolio\/36898","targetHints":{"allow":["GET"]}}],"collection":[{"href":"https:\/\/www.cesarecatania.eu\/fr\/wp-json\/wp\/v2\/portfolio"}],"about":[{"href":"https:\/\/www.cesarecatania.eu\/fr\/wp-json\/wp\/v2\/types\/portfolio"}],"author":[{"embeddable":true,"href":"https:\/\/www.cesarecatania.eu\/fr\/wp-json\/wp\/v2\/users\/14"}],"replies":[{"embeddable":true,"href":"https:\/\/www.cesarecatania.eu\/fr\/wp-json\/wp\/v2\/comments?post=36898"}],"version-history":[{"count":0,"href":"https:\/\/www.cesarecatania.eu\/fr\/wp-json\/wp\/v2\/portfolio\/36898\/revisions"}],"wp:featuredmedia":[{"embeddable":true,"href":"https:\/\/www.cesarecatania.eu\/fr\/wp-json\/wp\/v2\/media\/36885"}],"wp:attachment":[{"href":"https:\/\/www.cesarecatania.eu\/fr\/wp-json\/wp\/v2\/media?parent=36898"}],"wp:term":[{"taxonomy":"portfolio_category","embeddable":true,"href":"https:\/\/www.cesarecatania.eu\/fr\/wp-json\/wp\/v2\/portfolio_category?post=36898"},{"taxonomy":"portfolio_tag","embeddable":true,"href":"https:\/\/www.cesarecatania.eu\/fr\/wp-json\/wp\/v2\/portfolio_tag?post=36898"}],"curies":[{"name":"wp","href":"https:\/\/api.w.org\/{rel}","templated":true}]}}