{"id":37071,"date":"2022-12-18T19:31:07","date_gmt":"2022-12-18T18:31:07","guid":{"rendered":"https:\/\/www.cesarecatania.eu\/portfolio\/fonte-radio-marconi-2\/"},"modified":"2022-12-20T10:37:23","modified_gmt":"2022-12-20T09:37:23","slug":"fonte-radio-marconi-2","status":"publish","type":"portfolio","link":"https:\/\/www.cesarecatania.eu\/fr\/portfolio\/fonte-radio-marconi-2\/","title":{"rendered":"Source: RADIO MARCONI"},"content":{"rendered":"\t\t<div data-elementor-type=\"wp-post\" data-elementor-id=\"37071\" class=\"elementor elementor-37071 elementor-37064\" data-elementor-settings=\"{&quot;element_pack_global_tooltip_width&quot;:{&quot;unit&quot;:&quot;px&quot;,&quot;size&quot;:&quot;&quot;,&quot;sizes&quot;:[]},&quot;element_pack_global_tooltip_width_tablet&quot;:{&quot;unit&quot;:&quot;px&quot;,&quot;size&quot;:&quot;&quot;,&quot;sizes&quot;:[]},&quot;element_pack_global_tooltip_width_mobile&quot;:{&quot;unit&quot;:&quot;px&quot;,&quot;size&quot;:&quot;&quot;,&quot;sizes&quot;:[]},&quot;element_pack_global_tooltip_padding&quot;:{&quot;unit&quot;:&quot;px&quot;,&quot;top&quot;:&quot;&quot;,&quot;right&quot;:&quot;&quot;,&quot;bottom&quot;:&quot;&quot;,&quot;left&quot;:&quot;&quot;,&quot;isLinked&quot;:true},&quot;element_pack_global_tooltip_padding_tablet&quot;:{&quot;unit&quot;:&quot;px&quot;,&quot;top&quot;:&quot;&quot;,&quot;right&quot;:&quot;&quot;,&quot;bottom&quot;:&quot;&quot;,&quot;left&quot;:&quot;&quot;,&quot;isLinked&quot;:true},&quot;element_pack_global_tooltip_padding_mobile&quot;:{&quot;unit&quot;:&quot;px&quot;,&quot;top&quot;:&quot;&quot;,&quot;right&quot;:&quot;&quot;,&quot;bottom&quot;:&quot;&quot;,&quot;left&quot;:&quot;&quot;,&quot;isLinked&quot;:true},&quot;element_pack_global_tooltip_border_radius&quot;:{&quot;unit&quot;:&quot;px&quot;,&quot;top&quot;:&quot;&quot;,&quot;right&quot;:&quot;&quot;,&quot;bottom&quot;:&quot;&quot;,&quot;left&quot;:&quot;&quot;,&quot;isLinked&quot;:true},&quot;element_pack_global_tooltip_border_radius_tablet&quot;:{&quot;unit&quot;:&quot;px&quot;,&quot;top&quot;:&quot;&quot;,&quot;right&quot;:&quot;&quot;,&quot;bottom&quot;:&quot;&quot;,&quot;left&quot;:&quot;&quot;,&quot;isLinked&quot;:true},&quot;element_pack_global_tooltip_border_radius_mobile&quot;:{&quot;unit&quot;:&quot;px&quot;,&quot;top&quot;:&quot;&quot;,&quot;right&quot;:&quot;&quot;,&quot;bottom&quot;:&quot;&quot;,&quot;left&quot;:&quot;&quot;,&quot;isLinked&quot;:true}}\" data-elementor-post-type=\"portfolio\">\n\t\t\t\t\t\t<section class=\"has_eae_slider elementor-section elementor-top-section elementor-element elementor-element-7bc9792a elementor-section-content-middle elementor-section-full_width elementor-section-height-default elementor-section-height-default\" data-eae-slider=\"50087\" data-id=\"7bc9792a\" data-element_type=\"section\">\n\t\t\t\t\t\t<div class=\"elementor-container elementor-column-gap-no\">\n\t\t\t\t\t<div class=\"has_eae_slider elementor-column elementor-col-100 elementor-top-column elementor-element elementor-element-3c072adb\" data-eae-slider=\"83071\" data-id=\"3c072adb\" data-element_type=\"column\">\n\t\t\t<div class=\"elementor-widget-wrap elementor-element-populated\">\n\t\t\t\t\t\t<div class=\"elementor-element elementor-element-70e0fb3 elementor-widget elementor-widget-heading\" data-id=\"70e0fb3\" data-element_type=\"widget\" data-widget_type=\"heading.default\">\n\t\t\t\t<div class=\"elementor-widget-container\">\n\t\t\t\t\t<h3 class=\"elementor-heading-title elementor-size-default\">Pays\u00a0: ITALIE<br><br>\nSource: RADIO MARCONI<\/h3>\t\t\t\t<\/div>\n\t\t\t\t<\/div>\n\t\t\t\t<div class=\"elementor-element elementor-element-bde188b elementor-widget elementor-widget-spacer\" data-id=\"bde188b\" data-element_type=\"widget\" data-widget_type=\"spacer.default\">\n\t\t\t\t<div class=\"elementor-widget-container\">\n\t\t\t\t\t\t\t<div class=\"elementor-spacer\">\n\t\t\t<div class=\"elementor-spacer-inner\"><\/div>\n\t\t<\/div>\n\t\t\t\t\t\t<\/div>\n\t\t\t\t<\/div>\n\t\t\t\t<div class=\"elementor-element elementor-element-59a9410 elementor-widget elementor-widget-html\" data-id=\"59a9410\" data-element_type=\"widget\" data-widget_type=\"html.default\">\n\t\t\t\t<div class=\"elementor-widget-container\">\n\t\t\t\t\t<div style=\"text-align:center\">\n<audio controls>\n\n  <source src=\"https:\/\/www.cesarecatania.eu\/wp-content\/uploads\/2022\/12\/Full-Interview-RADIO-MARCONI-cesare-catania.mp3\" type=\"audio\/mpeg\">\nYour browser does not support the audio element.\n<\/audio>\n<\/div>\t\t\t\t<\/div>\n\t\t\t\t<\/div>\n\t\t\t\t<div class=\"elementor-element elementor-element-6270ba70 elementor-widget elementor-widget-text-editor\" data-id=\"6270ba70\" data-element_type=\"widget\" data-widget_type=\"text-editor.default\">\n\t\t\t\t<div class=\"elementor-widget-container\">\n\t\t\t\t\t\t\t\t\t<h4>extrait de l&#8217;article officiel\u00a0:<\/h4><p>Journaliste<\/p><p>00:00:00 &#8211; 00:00:32<\/p><p>Parlons d&#8217;art. Il y a l&#8217;art du pass\u00e9, l&#8217;art moderne, l&#8217;art contemporain. Eh bien oui, il y a aussi l&#8217;art du futur. Nous demandons \u00e0 cet artiste nomm\u00e9 Cesare Catania, qui expose en ce moment. L&#8217;exposition a d\u00e9but\u00e9 la semaine derni\u00e8re lors du Salone del Mobile Design Week de Milan, mais l&#8217;exposition personnelle de Cesare Catania, qui nous accompagne dans ces minutes, se poursuit \u00e0 la galerie San Babila de Milan, via Visconti di Modrone 6.<\/p><p>Bienvenue C\u00e9sar !<\/p><p>Cesare Catania<\/p><p>00:00:33 &#8211; 00:00:35<\/p><p>Salut tout le monde!<\/p><p>Journaliste<\/p><p>00:00:35 &#8211; 00:01:10<\/p><p>Peintre, sculpteur et \u00e9galement artiste m\u00e9taverse. Donc, puisque nous sommes un peu un boomer dans cette \u00e9mission, je vais vous demander\u2026. le m\u00e9taverse, plus ou moins, nous arrivons \u00e0 comprendre, parce que nous avons trait\u00e9 cette nouvelle r\u00e9alit\u00e9 dans diverses transmissions que, cependant, je vous demanderai plus tard de nous expliquer comment vous travaillez dans cette r\u00e9alit\u00e9 parall\u00e8le et ce qu&#8217;elle est dans fait que nous commen\u00e7ons \u00e0 parler dans cette derni\u00e8re p\u00e9riode. Mais commen\u00e7ons par les choses un peu plus mat\u00e9rielles. Qu&#8217;est-ce qui est expos\u00e9 en ce moment dans la galerie d&#8217;art San Babila ?<\/p><p>C\u00e9sar Catane<\/p><p>00:01:11 &#8211; 00:01:51<\/p><p>En ce moment, il y a une exposition personnelle \u00e0 la galerie San Babila avec une trentaine d&#8217;\u0153uvres. Il y a quatorze nouvelles \u0153uvres, appartenant \u00e0 une nouvelle collection qui s&#8217;appelle exactement comme l&#8217;exposition, donc \u00ab Sentiments et \u00c9motions \u00bb, plus seize autres \u0153uvres appartenant aux anciennes collections.<\/p><p>La nouvelle collection est une sorte de radiographie des sensations et des \u00e9motions qu&#8217;un artiste ressent lors de l&#8217;ex\u00e9cution de ses \u0153uvres. Les anciens, en revanche, appartiennent davantage \u00e0 mon courant cubiste.<\/p><p>Journaliste<\/p><p>00:01:52 &#8211; 00:02:00<\/p><p>Et bien, quels sont les th\u00e8mes sur lesquels vous travaillez et quels sont les mat\u00e9riaux avec lesquels vous aimez travailler, tant en sculpture qu&#8217;en peinture ?<\/p><p>C\u00e9sar Catane<\/p><p>00:02:01 &#8211; 00:02:49<\/p><p>Disons que dans la derni\u00e8re p\u00e9riode j&#8217;aime beaucoup aborder l&#8217;art avec une sorte d&#8217;introspection. C&#8217;\u00e9tait d\u00e9j\u00e0 un chemin que j&#8217;avais initialement suivi au d\u00e9but de ma carri\u00e8re professionnelle d&#8217;artiste. Puis je l&#8217;avais un peu abandonn\u00e9 pour accorder plus d&#8217;attention, plus d&#8217;espace \u00e0 ce qui m&#8217;entourait, donc \u00e0 la r\u00e9alit\u00e9 qui m&#8217;entourait. Dans cette derni\u00e8re collection j&#8217;ai eu envie de revenir \u00e0 la partie plus introspective, pr\u00e9cis\u00e9ment avec cette nouvelle collection. En ce qui concerne les mat\u00e9riaux, disons que la derni\u00e8re collection est en silicone acrylique, c&#8217;est donc une collection absolument mat\u00e9rielle, tant d&#8217;un point de vue pictural que sculptural.<\/p><p>Journaliste<\/p><p>00:02:49 &#8211; 00:02:53<\/p><p>Essayons de raconter certaines de vos oeuvres expos\u00e9es,<\/p><p>Cesare Catania<\/p><p>00:02:53 &#8211; 00:03:51<\/p><p>Peut-\u00eatre que nous nous attardons sur un travail appel\u00e9 la timidit\u00e9. \u00ab Timidit\u00e9 \u00bb est une \u0153uvre qui d\u00e9crit essentiellement la d\u00e9marche d&#8217;une artiste devant la toile blanche ou la masse informe d&#8217;argile qu&#8217;elle n&#8217;a pas encore model\u00e9e. Donc en gros \u00e7a d\u00e9crit l&#8217;\u00e9tat d&#8217;esprit de l&#8217;artiste qui se sent vraiment petit, donc &#8220;timide&#8221; envers son propre travail, parce qu&#8217;il ne l&#8217;a pas encore cr\u00e9\u00e9. C&#8217;est encore tout potentiel. Au niveau de la mise en \u0153uvre, il n&#8217;y a toujours rien. Alors, \u00e0 mon avis c&#8217;est exactement comme \u00e7a que devrait \u00eatre la d\u00e9marche d&#8217;un artiste, un artiste qui se sent trop s\u00fbr de lui devant son travail encore inachev\u00e9, j&#8217;ai bien peur qu&#8217;il soit sans doute plus pr\u00eat \u00e0 cr\u00e9er une oeuvre de design qu&#8217;une &#8216;oeuvre d&#8217;art.. .<\/p><p>Journaliste<\/p><p>00:03:51 &#8211; 00:04:16<\/p><p>Je donne \u00e9galement votre site internet \u00e0 toute personne d\u00e9sireuse d&#8217;entrer dans votre univers :<\/p><p>www.cesarecatania.eu<\/p><p>Cependant, ce que vous racontiez tout \u00e0 l&#8217;heure a aussi des liens avec le monde de l&#8217;\u00e9criture : \u00eatre face \u00e0 une page blanche et peut-\u00eatre pleine de notes, qui correspondent peut-\u00eatre \u00e0 des dessins pr\u00e9paratoires ou \u00e0 des esquisses pr\u00e9paratoires de l&#8217;artiste. Mais alors l&#8217;image reste \u00e0 \u00e9crire !<\/p><p>Cesare Catania<\/p><p>00:04:16 &#8211; 00:05:06<\/p><p>Exactement! Tr\u00e8s bon! C&#8217;est \u00e7a! C&#8217;est exactement comme tu l&#8217;as dit !<\/p><p>Puis l&#8217;artiste\u2026. Je parle d&#8217;un artiste, mais en r\u00e9alit\u00e9 je devrais parler d&#8217;art\u2026. On ne parle pas forc\u00e9ment d&#8217;art pictural ou sculptural mais cela pourrait aussi \u00eatre dans l&#8217;art de la musique. Ce pourrait \u00eatre simplement l&#8217;art d&#8217;\u00e9crire. C&#8217;est donc exactement ce que vous venez de d\u00e9crire : l&#8217;\u00e9crivain, lorsqu&#8217;il est devant un papier blanc, n&#8217;a peut-\u00eatre r\u00e9dig\u00e9 que quelques notes ou quelques brouillons pr\u00e9paratoires. Mais c&#8217;est exactement le m\u00eame sentiment, le m\u00eame sentiment que ressent un \u00e9crivain. Il en va de m\u00eame pour l&#8217;artiste lorsqu&#8217;il se trouve devant une \u0153uvre qui n&#8217;est pas encore achev\u00e9e. Bon, \u00e7a me semble aussi normal qu&#8217;il ait ce sentiment de timidit\u00e9&#8230; Alors avec cette oeuvre j&#8217;ai voulu rendre hommage \u00e0 ce sentiment.<\/p><p>Journaliste<\/p><p>00:05:07 &#8211; 00:06:01<\/p><p>Cesare, je te demande de rester avec nous. En attendant, je me souviens que tu vas bient\u00f4t nous entra\u00eener dans ton art pr\u00e9sent dans le m\u00e9tavers. On parle d&#8217;art contemporain et peut-\u00eatre aussi d&#8217;art du futur. Si ce n&#8217;est d\u00e9j\u00e0 de l&#8217;art du pr\u00e9sent\u2026. en attendant vous pouvez aller voir quelque chose de plus tangible. C&#8217;est dans la galerie d&#8217;art San Babila de Milan, via Visconti di Modrone 6i, qu&#8217;est pr\u00e9sent\u00e9e l&#8217;exposition personnelle de Cesare Catania, peintre et sculpteur. Et Cesare Catania est \u00e9galement pr\u00e9sent dans le m\u00e9taverse ces jours-ci. Entre autres, il y a eu une r\u00e9union au Lac \u00e0 Lugano ces derniers jours au MetaForum.<\/p><p>Nous sommes avec l&#8217;artiste Cesare Catania ; dans cet univers parall\u00e8le qu&#8217;est le m\u00e9tavers, il y a aussi de la place pour l&#8217;art.<\/p><p>C\u00e9sar Catane<\/p><p>00:06:02 &#8211; 00:06:59<\/p><p>Mais oui, disons qu&#8217;aujourd&#8217;hui le M\u00e9tavers est toujours consid\u00e9r\u00e9 comme un univers parall\u00e8le. Comme vous l&#8217;avez dit, je crois que c&#8217;est en fait quelque chose de beaucoup plus proche de nous que ce \u00e0 quoi nous nous attendions, ne serait-ce que parce que cela nous donne la possibilit\u00e9 de r\u00eaver, donc de vivre dans la r\u00e9alit\u00e9 qui nous entoure de mani\u00e8re augment\u00e9e. Donc de ce point de vue s\u00fbrement le m\u00e9tavers peut \u00eatre une sorte d&#8217;acc\u00e9l\u00e9rateur de nos \u00e9motions. Et l&#8217;art en ce sens est certes le sujet principal, l&#8217;objet pivot qui gravite autour du m\u00e9taverse, mais surtout qui le peuple ; car un m\u00e9taverse sans contenu, eh bien\u2026 est par d\u00e9finition de peu d&#8217;int\u00e9r\u00eat. Bref, l&#8217;art en ce sens, notamment l&#8217;art num\u00e9rique, devient le principal objet de remplissage de tous les m\u00e9tavers !<\/p><p>Journaliste<\/p><p>00:07:00 &#8211; 00:07:02<\/p><p>Et que sont les NFT ?<\/p><p>C\u00e9sar Catane<\/p><p>00:07:03 &#8211; 00:08:00<\/p><p>Terminologiquement parlant, les NFT sont d\u00e9finis comme des jetons non fongibles, c&#8217;est-\u00e0-dire des jetons non fongibles, qui sont substantiellement enregistr\u00e9s, trac\u00e9s sous la Blockchain pour garantir l&#8217;unicit\u00e9 de leur propri\u00e9t\u00e9. Aujourd&#8217;hui, le terme NFT identifie deux types d&#8217;objets appel\u00e9s objets de collection et ceux de Cryptoarte. Parfois, aujourd&#8217;hui, les gens donnent un sens, une connotation n\u00e9gative aux NFT. En fait, d&#8217;un point de vue artistique, les gens ont en t\u00eate ces NFT, ces images qui apr\u00e8s tout sont peut-\u00eatre devenues c\u00e9l\u00e8bres mais qui n&#8217;ont pas un contenu artistique important.<\/p><p>Journaliste<\/p><p>00:08:13 &#8211; 00:08:28<\/p><p>&#8230;Je pense que je comprends. C&#8217;est un sc\u00e9nario qui s&#8217;ouvre maintenant et j&#8217;imagine que dans les mois \u00e0 venir, je reviendrai pour en parler de plus en plus souvent \u00e0 ce sujet et quelque chose qui a aussi \u00e0 voir avec les crypto-monnaies.<\/p><p>Cesare Catania<\/p><p>00:08:28 &#8211; 00:09:24<\/p><p>Mais&#8230; alors&#8230; en r\u00e9alit\u00e9, le seul lien entre Cryptoarte et la crypto-monnaie est la blockchain sous-jacente qui certifie, garantit le transfert de propri\u00e9t\u00e9 et \u00e9ventuellement l&#8217;unicit\u00e9. C&#8217;est dans l&#8217;ensemble, car en effet, nous commen\u00e7ons maintenant \u00e0 voir des transactions NFT \u00e9galement dans la devise actuelle. Donc, somme toute, c&#8217;est un lien, je le r\u00e9p\u00e8te, qui a peut-\u00eatre plus \u00e0 voir avec le monde de l&#8217;appartenance. Mais en r\u00e9alit\u00e9 alors en fait je ne vois pas beaucoup ce lien, c&#8217;est un lien si vous voulez maintenant un peu faible. Cependant, je vois certainement beaucoup plus un lien entre Cryptoart et l&#8217;art traditionnel. Cependant, peu d&#8217;artistes traditionnels se sont \u00e9galement tourn\u00e9s vers le monde num\u00e9rique et l&#8217;ont fait de mani\u00e8re personnelle, ne d\u00e9l\u00e9guant pas la production de la partie artistique \u00e0 d&#8217;autres. Dans ce cas, il y a certainement un lien tr\u00e8s fort. Vous devez consid\u00e9rer que lorsqu&#8217;une \u0153uvre num\u00e9rique est cr\u00e9\u00e9e, tr\u00e8s souvent, les gens pensent qu&#8217;il s&#8217;agit d&#8217;une r\u00e9plique de l&#8217;\u0153uvre d&#8217;art traditionnelle, mais en r\u00e9alit\u00e9 ce n&#8217;est pas le cas. Lorsque vous allez d\u00e9velopper une \u0153uvre d&#8217;art num\u00e9rique, vous allez cr\u00e9er une v\u00e9ritable \u0153uvre d&#8217;art \u00e0 partir de z\u00e9ro, peut-\u00eatre en partant des m\u00eames inspirations que vous aviez lorsque vous avez cr\u00e9\u00e9 l&#8217;\u0153uvre traditionnelle. Mais en r\u00e9alit\u00e9, les deux sont des \u0153uvres compl\u00e8tement diff\u00e9rentes.<\/p><p>Journaliste<\/p><p>00:09:53 &#8211; 00:09:57<\/p><p>Et puis avec ces effets vous certifiez que c&#8217;est unique et irrempla\u00e7able\u2026.<\/p><p>C\u00e9sar Catane<\/p><p>00:09:58 &#8211; 00:10:13<\/p><p>Oui, disons oui, sauf si le propri\u00e9taire, disons l&#8217;artiste, d\u00e9cide de sa propre volont\u00e9 de r\u00e9aliser une \u0153uvre en plusieurs exemplaires ; un peu comme faire une \u00e9dition limit\u00e9e \u00e0 cent pi\u00e8ces.<\/p><p>Journaliste<\/p><p>00:10:13 &#8211; 00:10:19<\/p><p>avoir des copies d&#8217;artiste, sign\u00e9es et certifi\u00e9es<\/p><p>C\u00e9sar Catane<\/p><p>00:10:20 &#8211; 00:10:51<\/p><p>Absolument oui!.<\/p><p>Disons qu&#8217;aujourd&#8217;hui la seule vraie limite ce sont les reproducteurs. Autrement dit, la technologie est aujourd&#8217;hui \u00e0 la limite en ce qui concerne la partie num\u00e9rique, dans le sens o\u00f9 probablement dans quelques ann\u00e9es, nous verrons des appareils capables d&#8217;exprimer \u00e0 100% le potentiel de l&#8217;art num\u00e9rique. Aujourd&#8217;hui, tout au plus, il y a probablement des fans holographiques, peut-\u00eatre des t\u00e9l\u00e9spectateurs, des \u00e9crans\u2026.<\/p><p>Journaliste<\/p><p>00:10:51 &#8211; 00:11:19<\/p><p>Visitez son site Web pour mieux le conna\u00eetre et voir o\u00f9 il exposera \u00e0 l&#8217;avenir. www.cesarecatania.eu<\/p><p>Merci encore Cesare Catania,<\/p><p>C\u00e9sar Catane<\/p><p>00:11:19 &#8211; 00:11:21<\/p><p>Merci \u00e0 tous!<\/p>\t\t\t\t\t\t\t\t<\/div>\n\t\t\t\t<\/div>\n\t\t\t\t\t<\/div>\n\t\t<\/div>\n\t\t\t\t\t<\/div>\n\t\t<\/section>\n\t\t\t\t<\/div>\n\t\t","protected":false},"excerpt":{"rendered":"<p>Pays\u00a0: ITALIE Source: RADIO MARCONI Your browser does not support the audio element. extrait de l&#8217;article officiel\u00a0: Journaliste 00:00:00 &#8211; 00:00:32 Parlons d&#8217;art. Il y a l&#8217;art du pass\u00e9, l&#8217;art moderne, l&#8217;art contemporain. Eh bien oui, il y a aussi [&hellip;]<\/p>\n","protected":false},"author":14,"featured_media":35925,"menu_order":0,"comment_status":"closed","ping_status":"closed","template":"","format":"standard","meta":{"_eb_attr":"","_vp_format_video_url":"","_vp_image_focal_point":[],"_vp_custom_popup_image":0,"_vp_format_audio_url":"","_vp_custom_thumbnail":0,"_vp_custom_thumbnail_focal_point":[],"_vp_hover_thumbnail":0,"_vp_hover_thumbnail_focal_point":[],"footnotes":""},"portfolio_category":[10278,9848],"portfolio_tag":[9860,77,9895],"class_list":["post-37071","portfolio","type-portfolio","status-publish","format-standard","has-post-thumbnail","hentry","portfolio_category-2022-fr","portfolio_category-italie","portfolio_tag-arte-in-italia-fr","portfolio_tag-cesare-catania-fr","portfolio_tag-notizie-di-arte-in-italia-fr"],"yoast_head":"<!-- This site is optimized with the Yoast SEO plugin v26.5 - https:\/\/yoast.com\/wordpress\/plugins\/seo\/ -->\n<title>Source: RADIO MARCONI - Cesare Catania - Contemporary Art<\/title>\n<meta name=\"description\" content=\"Cesare Catania su RADIO MARCONI\" \/>\n<meta name=\"robots\" content=\"index, follow, max-snippet:-1, max-image-preview:large, max-video-preview:-1\" \/>\n<link rel=\"canonical\" href=\"https:\/\/www.cesarecatania.eu\/fr\/portfolio\/fonte-radio-marconi-2\/\" \/>\n<meta property=\"og:locale\" content=\"fr_FR\" \/>\n<meta property=\"og:type\" content=\"article\" \/>\n<meta property=\"og:title\" content=\"Source: RADIO MARCONI - Cesare Catania - Contemporary Art\" \/>\n<meta property=\"og:description\" content=\"Cesare Catania su RADIO MARCONI\" \/>\n<meta property=\"og:url\" content=\"https:\/\/www.cesarecatania.eu\/fr\/portfolio\/fonte-radio-marconi-2\/\" \/>\n<meta property=\"og:site_name\" content=\"Cesare Catania - Contemporary Art\" \/>\n<meta property=\"article:modified_time\" content=\"2022-12-20T09:37:23+00:00\" \/>\n<meta property=\"og:image\" content=\"https:\/\/www.cesarecatania.eu\/wp-content\/uploads\/2022\/06\/r-marconi.png\" \/>\n\t<meta property=\"og:image:width\" content=\"278\" \/>\n\t<meta property=\"og:image:height\" content=\"278\" \/>\n\t<meta property=\"og:image:type\" content=\"image\/png\" \/>\n<meta name=\"twitter:card\" content=\"summary_large_image\" \/>\n<meta name=\"twitter:site\" content=\"@cesare_catania\" \/>\n<meta name=\"twitter:label1\" content=\"Dur\u00e9e de lecture estim\u00e9e\" \/>\n\t<meta name=\"twitter:data1\" content=\"7 minutes\" \/>\n<script type=\"application\/ld+json\" class=\"yoast-schema-graph\">{\"@context\":\"https:\/\/schema.org\",\"@graph\":[{\"@type\":\"WebPage\",\"@id\":\"https:\/\/www.cesarecatania.eu\/fr\/portfolio\/fonte-radio-marconi-2\/\",\"url\":\"https:\/\/www.cesarecatania.eu\/fr\/portfolio\/fonte-radio-marconi-2\/\",\"name\":\"Source: RADIO MARCONI - Cesare Catania - Contemporary Art\",\"isPartOf\":{\"@id\":\"https:\/\/www.cesarecatania.eu\/#website\"},\"primaryImageOfPage\":{\"@id\":\"https:\/\/www.cesarecatania.eu\/fr\/portfolio\/fonte-radio-marconi-2\/#primaryimage\"},\"image\":{\"@id\":\"https:\/\/www.cesarecatania.eu\/fr\/portfolio\/fonte-radio-marconi-2\/#primaryimage\"},\"thumbnailUrl\":\"https:\/\/www.cesarecatania.eu\/wp-content\/uploads\/2022\/06\/r-marconi.png\",\"datePublished\":\"2022-12-18T18:31:07+00:00\",\"dateModified\":\"2022-12-20T09:37:23+00:00\",\"description\":\"Cesare Catania su RADIO MARCONI\",\"breadcrumb\":{\"@id\":\"https:\/\/www.cesarecatania.eu\/fr\/portfolio\/fonte-radio-marconi-2\/#breadcrumb\"},\"inLanguage\":\"fr-FR\",\"potentialAction\":[{\"@type\":\"ReadAction\",\"target\":[\"https:\/\/www.cesarecatania.eu\/fr\/portfolio\/fonte-radio-marconi-2\/\"]}]},{\"@type\":\"ImageObject\",\"inLanguage\":\"fr-FR\",\"@id\":\"https:\/\/www.cesarecatania.eu\/fr\/portfolio\/fonte-radio-marconi-2\/#primaryimage\",\"url\":\"https:\/\/www.cesarecatania.eu\/wp-content\/uploads\/2022\/06\/r-marconi.png\",\"contentUrl\":\"https:\/\/www.cesarecatania.eu\/wp-content\/uploads\/2022\/06\/r-marconi.png\",\"width\":278,\"height\":278},{\"@type\":\"BreadcrumbList\",\"@id\":\"https:\/\/www.cesarecatania.eu\/fr\/portfolio\/fonte-radio-marconi-2\/#breadcrumb\",\"itemListElement\":[{\"@type\":\"ListItem\",\"position\":1,\"name\":\"\",\"item\":\"https:\/\/www.cesarecatania.eu\/fr\/\"},{\"@type\":\"ListItem\",\"position\":2,\"name\":\"Portfolio\",\"item\":\"https:\/\/www.cesarecatania.eu\/fr\/portfolio\/\"},{\"@type\":\"ListItem\",\"position\":3,\"name\":\"PRESSE INTERNATIONALE\",\"item\":\"https:\/\/www.cesarecatania.eu\/fr\/portfolio-category\/presse-internationale-art-contemporain\/\"},{\"@type\":\"ListItem\",\"position\":4,\"name\":\"2022\",\"item\":\"https:\/\/www.cesarecatania.eu\/fr\/portfolio-category\/2022-fr\/\"},{\"@type\":\"ListItem\",\"position\":5,\"name\":\"Source: RADIO MARCONI\"}]},{\"@type\":\"WebSite\",\"@id\":\"https:\/\/www.cesarecatania.eu\/#website\",\"url\":\"https:\/\/www.cesarecatania.eu\/\",\"name\":\"Cesare Catania - Contemporary Art\",\"description\":\"\u0152uvres de G\u00e9nie \u2013 Peintures \u2013 Sculptures\",\"publisher\":{\"@id\":\"https:\/\/www.cesarecatania.eu\/#\/schema\/person\/584c451c301d1df9adae083787500657\"},\"potentialAction\":[{\"@type\":\"SearchAction\",\"target\":{\"@type\":\"EntryPoint\",\"urlTemplate\":\"https:\/\/www.cesarecatania.eu\/?s={search_term_string}\"},\"query-input\":{\"@type\":\"PropertyValueSpecification\",\"valueRequired\":true,\"valueName\":\"search_term_string\"}}],\"inLanguage\":\"fr-FR\"},{\"@type\":[\"Person\",\"Organization\"],\"@id\":\"https:\/\/www.cesarecatania.eu\/#\/schema\/person\/584c451c301d1df9adae083787500657\",\"name\":\"Cesare Catania\",\"image\":{\"@type\":\"ImageObject\",\"inLanguage\":\"fr-FR\",\"@id\":\"https:\/\/www.cesarecatania.eu\/#\/schema\/person\/image\/\",\"url\":\"https:\/\/secure.gravatar.com\/avatar\/c7d7cb9079ca3f7f5efeaba9650e34bd1db72bef1ff052980417596524c8a888?s=96&d=mm&r=g\",\"contentUrl\":\"https:\/\/secure.gravatar.com\/avatar\/c7d7cb9079ca3f7f5efeaba9650e34bd1db72bef1ff052980417596524c8a888?s=96&d=mm&r=g\",\"caption\":\"Cesare Catania\"},\"logo\":{\"@id\":\"https:\/\/www.cesarecatania.eu\/#\/schema\/person\/image\/\"}}]}<\/script>\n<!-- \/ Yoast SEO plugin. -->","yoast_head_json":{"title":"Source: RADIO MARCONI - Cesare Catania - Contemporary Art","description":"Cesare Catania su RADIO MARCONI","robots":{"index":"index","follow":"follow","max-snippet":"max-snippet:-1","max-image-preview":"max-image-preview:large","max-video-preview":"max-video-preview:-1"},"canonical":"https:\/\/www.cesarecatania.eu\/fr\/portfolio\/fonte-radio-marconi-2\/","og_locale":"fr_FR","og_type":"article","og_title":"Source: RADIO MARCONI - Cesare Catania - Contemporary Art","og_description":"Cesare Catania su RADIO MARCONI","og_url":"https:\/\/www.cesarecatania.eu\/fr\/portfolio\/fonte-radio-marconi-2\/","og_site_name":"Cesare Catania - Contemporary Art","article_modified_time":"2022-12-20T09:37:23+00:00","og_image":[{"width":278,"height":278,"url":"https:\/\/www.cesarecatania.eu\/wp-content\/uploads\/2022\/06\/r-marconi.png","type":"image\/png"}],"twitter_card":"summary_large_image","twitter_site":"@cesare_catania","twitter_misc":{"Dur\u00e9e de lecture estim\u00e9e":"7 minutes"},"schema":{"@context":"https:\/\/schema.org","@graph":[{"@type":"WebPage","@id":"https:\/\/www.cesarecatania.eu\/fr\/portfolio\/fonte-radio-marconi-2\/","url":"https:\/\/www.cesarecatania.eu\/fr\/portfolio\/fonte-radio-marconi-2\/","name":"Source: RADIO MARCONI - Cesare Catania - Contemporary Art","isPartOf":{"@id":"https:\/\/www.cesarecatania.eu\/#website"},"primaryImageOfPage":{"@id":"https:\/\/www.cesarecatania.eu\/fr\/portfolio\/fonte-radio-marconi-2\/#primaryimage"},"image":{"@id":"https:\/\/www.cesarecatania.eu\/fr\/portfolio\/fonte-radio-marconi-2\/#primaryimage"},"thumbnailUrl":"https:\/\/www.cesarecatania.eu\/wp-content\/uploads\/2022\/06\/r-marconi.png","datePublished":"2022-12-18T18:31:07+00:00","dateModified":"2022-12-20T09:37:23+00:00","description":"Cesare Catania su RADIO MARCONI","breadcrumb":{"@id":"https:\/\/www.cesarecatania.eu\/fr\/portfolio\/fonte-radio-marconi-2\/#breadcrumb"},"inLanguage":"fr-FR","potentialAction":[{"@type":"ReadAction","target":["https:\/\/www.cesarecatania.eu\/fr\/portfolio\/fonte-radio-marconi-2\/"]}]},{"@type":"ImageObject","inLanguage":"fr-FR","@id":"https:\/\/www.cesarecatania.eu\/fr\/portfolio\/fonte-radio-marconi-2\/#primaryimage","url":"https:\/\/www.cesarecatania.eu\/wp-content\/uploads\/2022\/06\/r-marconi.png","contentUrl":"https:\/\/www.cesarecatania.eu\/wp-content\/uploads\/2022\/06\/r-marconi.png","width":278,"height":278},{"@type":"BreadcrumbList","@id":"https:\/\/www.cesarecatania.eu\/fr\/portfolio\/fonte-radio-marconi-2\/#breadcrumb","itemListElement":[{"@type":"ListItem","position":1,"name":"","item":"https:\/\/www.cesarecatania.eu\/fr\/"},{"@type":"ListItem","position":2,"name":"Portfolio","item":"https:\/\/www.cesarecatania.eu\/fr\/portfolio\/"},{"@type":"ListItem","position":3,"name":"PRESSE INTERNATIONALE","item":"https:\/\/www.cesarecatania.eu\/fr\/portfolio-category\/presse-internationale-art-contemporain\/"},{"@type":"ListItem","position":4,"name":"2022","item":"https:\/\/www.cesarecatania.eu\/fr\/portfolio-category\/2022-fr\/"},{"@type":"ListItem","position":5,"name":"Source: RADIO MARCONI"}]},{"@type":"WebSite","@id":"https:\/\/www.cesarecatania.eu\/#website","url":"https:\/\/www.cesarecatania.eu\/","name":"Cesare Catania - Contemporary Art","description":"\u0152uvres de G\u00e9nie \u2013 Peintures \u2013 Sculptures","publisher":{"@id":"https:\/\/www.cesarecatania.eu\/#\/schema\/person\/584c451c301d1df9adae083787500657"},"potentialAction":[{"@type":"SearchAction","target":{"@type":"EntryPoint","urlTemplate":"https:\/\/www.cesarecatania.eu\/?s={search_term_string}"},"query-input":{"@type":"PropertyValueSpecification","valueRequired":true,"valueName":"search_term_string"}}],"inLanguage":"fr-FR"},{"@type":["Person","Organization"],"@id":"https:\/\/www.cesarecatania.eu\/#\/schema\/person\/584c451c301d1df9adae083787500657","name":"Cesare Catania","image":{"@type":"ImageObject","inLanguage":"fr-FR","@id":"https:\/\/www.cesarecatania.eu\/#\/schema\/person\/image\/","url":"https:\/\/secure.gravatar.com\/avatar\/c7d7cb9079ca3f7f5efeaba9650e34bd1db72bef1ff052980417596524c8a888?s=96&d=mm&r=g","contentUrl":"https:\/\/secure.gravatar.com\/avatar\/c7d7cb9079ca3f7f5efeaba9650e34bd1db72bef1ff052980417596524c8a888?s=96&d=mm&r=g","caption":"Cesare Catania"},"logo":{"@id":"https:\/\/www.cesarecatania.eu\/#\/schema\/person\/image\/"}}]}},"_links":{"self":[{"href":"https:\/\/www.cesarecatania.eu\/fr\/wp-json\/wp\/v2\/portfolio\/37071","targetHints":{"allow":["GET"]}}],"collection":[{"href":"https:\/\/www.cesarecatania.eu\/fr\/wp-json\/wp\/v2\/portfolio"}],"about":[{"href":"https:\/\/www.cesarecatania.eu\/fr\/wp-json\/wp\/v2\/types\/portfolio"}],"author":[{"embeddable":true,"href":"https:\/\/www.cesarecatania.eu\/fr\/wp-json\/wp\/v2\/users\/14"}],"replies":[{"embeddable":true,"href":"https:\/\/www.cesarecatania.eu\/fr\/wp-json\/wp\/v2\/comments?post=37071"}],"version-history":[{"count":0,"href":"https:\/\/www.cesarecatania.eu\/fr\/wp-json\/wp\/v2\/portfolio\/37071\/revisions"}],"wp:featuredmedia":[{"embeddable":true,"href":"https:\/\/www.cesarecatania.eu\/fr\/wp-json\/wp\/v2\/media\/35925"}],"wp:attachment":[{"href":"https:\/\/www.cesarecatania.eu\/fr\/wp-json\/wp\/v2\/media?parent=37071"}],"wp:term":[{"taxonomy":"portfolio_category","embeddable":true,"href":"https:\/\/www.cesarecatania.eu\/fr\/wp-json\/wp\/v2\/portfolio_category?post=37071"},{"taxonomy":"portfolio_tag","embeddable":true,"href":"https:\/\/www.cesarecatania.eu\/fr\/wp-json\/wp\/v2\/portfolio_tag?post=37071"}],"curies":[{"name":"wp","href":"https:\/\/api.w.org\/{rel}","templated":true}]}}